{"id":456,"date":"2022-05-20T12:44:53","date_gmt":"2022-05-20T10:44:53","guid":{"rendered":"https:\/\/psychotherapie-oberland.ch\/?page_id=456"},"modified":"2022-06-05T23:10:50","modified_gmt":"2022-06-05T21:10:50","slug":"datenschutz","status":"publish","type":"page","link":"https:\/\/psychotherapie-oberland.ch\/?page_id=456","title":{"rendered":"Datenschutz"},"content":{"rendered":"<div id='av_section_1'  class='avia-section av-ff9js-4aa407409cbb2a66c7f480c8086fd31e main_color avia-section-default avia-no-border-styling  avia-builder-el-0  avia-builder-el-no-sibling  avia-bg-style-scroll container_wrap fullsize'  ><div class='container av-section-cont-open' ><main  role=\"main\" itemprop=\"mainContentOfPage\"  class='template-page content  av-content-full alpha units'><div class='post-entry post-entry-type-page post-entry-456'><div class='entry-content-wrapper clearfix'>\n<div class='flex_column av-bb9m8-7b0f87c8ecf09835469f80a70d82d2ee av_two_third  avia-builder-el-1  avia-builder-el-no-sibling  first flex_column_div '   ><section  class='av_textblock_section av-l3ebev2z-038a495218cc3e761a2d454418c23634'  itemscope=\"itemscope\" itemtype=\"https:\/\/schema.org\/CreativeWork\" ><div class='avia_textblock'  itemprop=\"text\" ><h1>Erkl\u00e4rung zum Datenschutz<\/h1>\n<h2>A. Informationen \u00fcber die Erhebung personenbezogener Daten<\/h2>\n<h3>1. Geltungsbereich<\/h3>\n<p>Diese Erkl\u00e4rung gilt f\u00fcr die unter https:\/\/psychotherapie-oberland.ch abrufbaren Internetseiten. Bitte beachten Sie, dass unter https:\/\/psychotherapie-oberland.ch auf weitere Internetseiten verwiesen werden kann, f\u00fcr welche abweichende Datenschutzregeln gelten k\u00f6nnen.<\/p>\n<h3>2. Verantwortlicher<\/h3>\n<p>Fabienne Steffen<br \/>\nB\u00e4lliz 32<br \/>\n3600 Thun<br \/>\n+41 77 452 57 62<br \/>\nfabienne.steffen@psychologie.ch<\/p>\n<p>Simone Venetz<br \/>\nB\u00e4lliz 32<br \/>\n3600 Thun<br \/>\n+41 79 728 05 13<br \/>\nsimone.venetz@psychologie.ch<\/p>\n<h3>3. L\u00f6schung und Speicherdauer<\/h3>\n<p>Die personenbezogenen Daten der betroffenen Person werden gel\u00f6scht oder gesperrt, sobald der Zweck der Speicherung entf\u00e4llt. Eine Speicherung kann dar\u00fcber hinaus erfolgen, wenn dies gesetzlich vorgesehen ist. Eine Sperrung oder L\u00f6schung der Daten erfolgt auch dann, wenn eine gesetzlich vorgeschriebene Speicherfrist abl\u00e4uft, es sei denn, dass eine Erforderlichkeit zur weiteren Speicherung der Daten f\u00fcr einen Vertragsabschluss oder eine Vertragserf\u00fcllung besteht.<\/p>\n<h3>4. Einbezug von Dienstleistern und Nutzung von Personendaten f\u00fcr Werbung<\/h3>\n<p>Falls wir f\u00fcr einzelne Funktionen unseres Angebots auf beauftragte Dienstleister zur\u00fcckgreifen oder Ihre Daten f\u00fcr werbliche Zwecke nutzen m\u00f6chten, werden wir Sie untenstehend im Detail \u00fcber die jeweiligen Vorg\u00e4nge informieren. Dabei nennen wir auch die festgelegten Kriterien der Speicherdauer.<\/p>\n<h2>B. Datenverarbeitung<\/h2>\n<h3><strong>1. Allgemeine Datenverarbeitung beim Besuch unserer Webseite<\/strong><\/h3>\n<p>Bei der blo\u00df informatorischen Nutzung der Website, also wenn Sie uns nicht anderweitig Informationen \u00fcbermitteln, erheben wir nur die personenbezogenen Daten, die Ihr Browser an unseren Server \u00fcbermittelt. Bei der Speicherung dieser Daten findet keine Zuordnung zu einer bestimmten Person statt. Wenn Sie unsere Website betrachten, erheben wir die folgenden Daten, die f\u00fcr uns technisch erforderlich sind, um Ihnen unsere Website anzuzeigen und die Stabilit\u00e4t und Sicherheit zu gew\u00e4hrleisten:<\/p>\n<ul>\n<li>IP Adresse<\/li>\n<li>Datum und Uhrzeit der Anfrage<\/li>\n<li>Zeitzonendifferenz zur Greenwich Mean Time (GMT) Zeitzone<\/li>\n<li>Inhalt der Anforderung (konkrete Seite)<\/li>\n<li>Zugriffsstatus\/http-Statuscode<\/li>\n<li>Jeweils \u00fcbertragene Datenmenge<\/li>\n<li>Webseite, von der die Anforderung kommt<\/li>\n<li>Browser (inkl. Sprache und Version)<\/li>\n<li>Betriebssystem und Version der Browsersoftware.<\/li>\n<\/ul>\n<h3><strong>2. Kontakt per Email<\/strong><\/h3>\n<p>Bei Ihrer Kontaktaufnahme mit uns per Email werden wir die von Ihnen mitgeteilten Daten (Ihre E-Mail-Adresse, ggf. Ihr Name und Ihre Telefonnummer) von uns gespeichert, um Termine zu Vereinbaren oder Ihre Fragen zu beantworten. Die in diesem Zusammenhang anfallenden Daten l\u00f6schen wir, nachdem die Speicherung nicht mehr erforderlich ist, oder schr\u00e4nken die Verarbeitung ein, falls gesetzliche Aufbewahrungspflichten bestehen.<\/p>\n<h3><strong>3. Cookies<\/strong><\/h3>\n<p>Zus\u00e4tzlich zu den zuvor genannten Daten werden bei Ihrer Nutzung unserer Websiten Cookies auf Ihrem Rechner gespeichert. Bei Cookies handelt es sich um kleine Textdateien, die auf Ihrer Festplatte dem von Ihnen verwendeten Browser zugeordnet gespeichert werden und durch welche der Stelle, die den Cookie setzt (hier durch uns), bestimmte Informationen zuflie\u00dfen. Cookies k\u00f6nnen keine Programme ausf\u00fchren oder Viren auf Ihren Computer \u00fcbertragen. Sie dienen dazu, das Internetangebot insgesamt nutzerfreundlicher und effektiver zu machen.<\/p>\n<p>Unsere Website nutzt folgende Arten von Cookies, deren Umfang und Funktionsweise im Folgenden erl\u00e4utert werden:<\/p>\n<p>\u2013 Transiente Cookies (dazu unten 3.1)<\/p>\n<p>\u2013 Persistente Cookies (dazu unten 3.2).<\/p>\n<h4>3.1 Transiente Cookies<\/h4>\n<p>Transiente Cookies werden automatisiert gel\u00f6scht, wenn Sie den Browser schlie\u00dfen. Dazu z\u00e4hlen insbesondere die Session-Cookies. Diese speichern eine sogenannte Session-ID, mit welcher sich verschiedene Anfragen Ihres Browsers der gemeinsamen Sitzung zuordnen lassen. Dadurch kann Ihr Rechner wiedererkannt werden, wenn Sie auf unsere Website zur\u00fcckkehren. Die Session-Cookies werden gel\u00f6scht, wenn Sie sich ausloggen oder den Browser schlie\u00dfen.<\/p>\n<h4>3.2 Persistente Cookies<\/h4>\n<p>Persistente Cookies werden automatisiert nach einer vorgegebenen Dauer gel\u00f6scht, die sich je nach Cookie unterscheiden kann. Sie k\u00f6nnen die Cookies in den Sicherheitseinstellungen Ihres Browsers jederzeit l\u00f6schen.<\/p>\n<h4>3.3 Cookie Einstellung<\/h4>\n<p>Sie k\u00f6nnen Ihre Browser-Einstellung entsprechend Ihren W\u00fcnschen konfigurieren und z.\u2009B. die Annahme von Third-Party-Cookies oder allen Cookies ablehnen. Wir weisen Sie darauf hin, dass Sie eventuell nicht alle Funktionen dieser Website nutzen k\u00f6nnen.<\/p>\n<h3><strong>4. Google Analytics<\/strong><\/h3>\n<p>Diese Website benutzt Google Analytics, einen Webanalysedienst der Google Inc., 1600 Amphitheatre Parkway, Mountain View, CA 94043, USA.<\/p>\n<p>Durch die Verwendung dieser Links werden Informationen an einen Server von Google \u00fcbertragen. Durch die Nutzung dieser Website erkl\u00e4ren Sie sich mit der Bearbeitung der \u00fcber Sie erhobenen Daten durch Google einverstanden.<\/p>\n<p>Mehr Informationen zum Umgang mit Nutzerdaten finden Sie in der Datenschutzerkl\u00e4rung von Google:<br \/>\n<a href=\"https:\/\/www.google.de\/intl\/de\/policies\/privacy\/\" target=\"_blank\" rel=\"noopener\">https:\/\/www.google.de\/intl\/de\/policies\/privacy\/.<\/a><\/p>\n<h3><strong>5. Google Fonts<\/strong><\/h3>\n<p>Diese Seite nutzt zur einheitlichen Darstellung von Schriftarten die Google Fonts. Anbieter ist die Google Inc., 1600 Amphitheatre Parkway, Mountain View, CA 94043, USA.<\/p>\n<p>Zur Nutzung der Schriftarten von Google ist es notwendig, Ihre IP Adresse zu speichern. Diese Informationen werden in der Regel an einen Server von Google in den USA \u00fcbertragen und dort gespeichert. Durch die Nutzung dieser Website erkl\u00e4ren Sie sich mit der Bearbeitung der \u00fcber Sie erhobenen Daten durch Google einverstanden.<\/p>\n<p>Mehr Informationen zum Umgang mit Nutzerdaten finden Sie in der Datenschutzerkl\u00e4rung von Google:<br \/>\n<a href=\"https:\/\/www.google.de\/intl\/de\/policies\/privacy\/\" target=\"_blank\" rel=\"noopener\">https:\/\/www.google.de\/intl\/de\/policies\/privacy\/<\/a>.<\/p>\n<h2>C. Ihre Rechte<\/h2>\n<p>Sie haben das Recht, jederzeit Ihre Einwilligung zur Verwendung Ihrer personenbezogenen Daten zu widerrufen und Auskunft \u00fcber alle Ihre bei uns gespeicherten personenbezogenen Daten zu erhalten, diese zu \u00fcberpr\u00fcfen, gegebenenfalls berichtigen, sperren oder l\u00f6schen zu lassen. Wenden Sie sich hierzu an die verantwortliche Stelle (Kontaktdaten siehe oben).<\/p>\n<p>Eine L\u00f6schung kann nur dann nicht erfolgen, wenn wir zur Aufbewahrung Ihrer personenbezogenen Daten gesetzlich verpflichtet sind. In diesem Fall erfolgt eine Sperrung der Daten.<\/p>\n<h2>D. \u00c4nderungsvorbehalt<\/h2>\n<p>Wir behalten uns das Recht vor, diese Erkl\u00e4rung jederzeit zu \u00e4ndern. Sie begr\u00fcndet keine vertraglichen Rechte.<\/p>\n<p>Stand: Mai 2022<\/p>\n<\/div><\/section><\/div>\n","protected":false},"excerpt":{"rendered":"","protected":false},"author":4,"featured_media":0,"parent":0,"menu_order":8,"comment_status":"closed","ping_status":"closed","template":"","meta":{"footnotes":""},"class_list":["post-456","page","type-page","status-publish","hentry"],"yoast_head":"<!-- This site is optimized with the Yoast SEO plugin v27.5 - https:\/\/yoast.com\/product\/yoast-seo-wordpress\/ -->\n<title>Datenschutz - Psychotherapie Oberland<\/title>\n<meta name=\"description\" content=\"Erkl\u00e4rung zum Datenschutz\" \/>\n<meta name=\"robots\" content=\"index, follow, max-snippet:-1, max-image-preview:large, max-video-preview:-1\" \/>\n<link rel=\"canonical\" href=\"https:\/\/psychotherapie-oberland.ch\/?page_id=456\" \/>\n<meta property=\"og:locale\" content=\"de_DE\" \/>\n<meta property=\"og:type\" content=\"article\" \/>\n<meta property=\"og:title\" content=\"Datenschutz - Psychotherapie Oberland\" \/>\n<meta property=\"og:description\" content=\"Erkl\u00e4rung zum Datenschutz\" \/>\n<meta property=\"og:url\" content=\"https:\/\/psychotherapie-oberland.ch\/?page_id=456\" \/>\n<meta property=\"og:site_name\" content=\"Psychotherapie Oberland\" \/>\n<meta property=\"article:modified_time\" content=\"2022-06-05T21:10:50+00:00\" \/>\n<meta name=\"twitter:card\" content=\"summary_large_image\" \/>\n<meta name=\"twitter:label1\" content=\"Gesch\u00e4tzte Lesezeit\" \/>\n\t<meta name=\"twitter:data1\" content=\"7\u00a0Minuten\" \/>\n<script type=\"application\/ld+json\" class=\"yoast-schema-graph\">{\"@context\":\"https:\\\/\\\/schema.org\",\"@graph\":[{\"@type\":\"WebPage\",\"@id\":\"https:\\\/\\\/psychotherapie-oberland.ch\\\/?page_id=456\",\"url\":\"https:\\\/\\\/psychotherapie-oberland.ch\\\/?page_id=456\",\"name\":\"Datenschutz - Psychotherapie Oberland\",\"isPartOf\":{\"@id\":\"https:\\\/\\\/psychotherapie-oberland.ch\\\/#website\"},\"datePublished\":\"2022-05-20T10:44:53+00:00\",\"dateModified\":\"2022-06-05T21:10:50+00:00\",\"description\":\"Erkl\u00e4rung zum Datenschutz\",\"breadcrumb\":{\"@id\":\"https:\\\/\\\/psychotherapie-oberland.ch\\\/?page_id=456#breadcrumb\"},\"inLanguage\":\"de-CH\",\"potentialAction\":[{\"@type\":\"ReadAction\",\"target\":[\"https:\\\/\\\/psychotherapie-oberland.ch\\\/?page_id=456\"]}]},{\"@type\":\"BreadcrumbList\",\"@id\":\"https:\\\/\\\/psychotherapie-oberland.ch\\\/?page_id=456#breadcrumb\",\"itemListElement\":[{\"@type\":\"ListItem\",\"position\":1,\"name\":\"Startseite\",\"item\":\"https:\\\/\\\/psychotherapie-oberland.ch\\\/?page_id=24\"},{\"@type\":\"ListItem\",\"position\":2,\"name\":\"Datenschutz\"}]},{\"@type\":\"WebSite\",\"@id\":\"https:\\\/\\\/psychotherapie-oberland.ch\\\/#website\",\"url\":\"https:\\\/\\\/psychotherapie-oberland.ch\\\/\",\"name\":\"Psychotherapie Oberland\",\"description\":\"Psychtherapie f\u00fcr Jugendliche und Erwachsene sowie pferdegest\u00fctzte Psychtherapie\",\"potentialAction\":[{\"@type\":\"SearchAction\",\"target\":{\"@type\":\"EntryPoint\",\"urlTemplate\":\"https:\\\/\\\/psychotherapie-oberland.ch\\\/?s={search_term_string}\"},\"query-input\":{\"@type\":\"PropertyValueSpecification\",\"valueRequired\":true,\"valueName\":\"search_term_string\"}}],\"inLanguage\":\"de-CH\"}]}<\/script>\n<!-- \/ Yoast SEO plugin. -->","yoast_head_json":{"title":"Datenschutz - Psychotherapie Oberland","description":"Erkl\u00e4rung zum Datenschutz","robots":{"index":"index","follow":"follow","max-snippet":"max-snippet:-1","max-image-preview":"max-image-preview:large","max-video-preview":"max-video-preview:-1"},"canonical":"https:\/\/psychotherapie-oberland.ch\/?page_id=456","og_locale":"de_DE","og_type":"article","og_title":"Datenschutz - Psychotherapie Oberland","og_description":"Erkl\u00e4rung zum Datenschutz","og_url":"https:\/\/psychotherapie-oberland.ch\/?page_id=456","og_site_name":"Psychotherapie Oberland","article_modified_time":"2022-06-05T21:10:50+00:00","twitter_card":"summary_large_image","twitter_misc":{"Gesch\u00e4tzte Lesezeit":"7\u00a0Minuten"},"schema":{"@context":"https:\/\/schema.org","@graph":[{"@type":"WebPage","@id":"https:\/\/psychotherapie-oberland.ch\/?page_id=456","url":"https:\/\/psychotherapie-oberland.ch\/?page_id=456","name":"Datenschutz - Psychotherapie Oberland","isPartOf":{"@id":"https:\/\/psychotherapie-oberland.ch\/#website"},"datePublished":"2022-05-20T10:44:53+00:00","dateModified":"2022-06-05T21:10:50+00:00","description":"Erkl\u00e4rung zum Datenschutz","breadcrumb":{"@id":"https:\/\/psychotherapie-oberland.ch\/?page_id=456#breadcrumb"},"inLanguage":"de-CH","potentialAction":[{"@type":"ReadAction","target":["https:\/\/psychotherapie-oberland.ch\/?page_id=456"]}]},{"@type":"BreadcrumbList","@id":"https:\/\/psychotherapie-oberland.ch\/?page_id=456#breadcrumb","itemListElement":[{"@type":"ListItem","position":1,"name":"Startseite","item":"https:\/\/psychotherapie-oberland.ch\/?page_id=24"},{"@type":"ListItem","position":2,"name":"Datenschutz"}]},{"@type":"WebSite","@id":"https:\/\/psychotherapie-oberland.ch\/#website","url":"https:\/\/psychotherapie-oberland.ch\/","name":"Psychotherapie Oberland","description":"Psychtherapie f\u00fcr Jugendliche und Erwachsene sowie pferdegest\u00fctzte Psychtherapie","potentialAction":[{"@type":"SearchAction","target":{"@type":"EntryPoint","urlTemplate":"https:\/\/psychotherapie-oberland.ch\/?s={search_term_string}"},"query-input":{"@type":"PropertyValueSpecification","valueRequired":true,"valueName":"search_term_string"}}],"inLanguage":"de-CH"}]}},"_links":{"self":[{"href":"https:\/\/psychotherapie-oberland.ch\/index.php?rest_route=\/wp\/v2\/pages\/456","targetHints":{"allow":["GET"]}}],"collection":[{"href":"https:\/\/psychotherapie-oberland.ch\/index.php?rest_route=\/wp\/v2\/pages"}],"about":[{"href":"https:\/\/psychotherapie-oberland.ch\/index.php?rest_route=\/wp\/v2\/types\/page"}],"author":[{"embeddable":true,"href":"https:\/\/psychotherapie-oberland.ch\/index.php?rest_route=\/wp\/v2\/users\/4"}],"replies":[{"embeddable":true,"href":"https:\/\/psychotherapie-oberland.ch\/index.php?rest_route=%2Fwp%2Fv2%2Fcomments&post=456"}],"version-history":[{"count":9,"href":"https:\/\/psychotherapie-oberland.ch\/index.php?rest_route=\/wp\/v2\/pages\/456\/revisions"}],"predecessor-version":[{"id":871,"href":"https:\/\/psychotherapie-oberland.ch\/index.php?rest_route=\/wp\/v2\/pages\/456\/revisions\/871"}],"wp:attachment":[{"href":"https:\/\/psychotherapie-oberland.ch\/index.php?rest_route=%2Fwp%2Fv2%2Fmedia&parent=456"}],"curies":[{"name":"wp","href":"https:\/\/api.w.org\/{rel}","templated":true}]}}