{"id":480,"date":"2022-05-20T13:24:41","date_gmt":"2022-05-20T11:24:41","guid":{"rendered":"https:\/\/psychotherapie-oberland.ch\/?page_id=480"},"modified":"2026-03-14T16:40:38","modified_gmt":"2026-03-14T15:40:38","slug":"psychotherapie-fuer-kinder-und-jugendliche","status":"publish","type":"page","link":"https:\/\/psychotherapie-oberland.ch\/?page_id=480","title":{"rendered":"Psychotherapie f\u00fcr Kinder und Jugendliche"},"content":{"rendered":"\n<style type=\"text\/css\" data-created_by=\"avia_inline_auto\" id=\"style-css-av-2rxwag-bc1276af5ee42ed674e3673eb76f2a3d\">\n.avia-section.av-2rxwag-bc1276af5ee42ed674e3673eb76f2a3d{\nbackground-color:#ffffff;\nbackground:linear-gradient( to bottom, #ffffff, #ffffff, #ededed );\nposition:relative;\n}\n.avia-section.av-2rxwag-bc1276af5ee42ed674e3673eb76f2a3d .avia-divider-svg-bottom svg{\nheight:50px;\nfill:#ffffff;\n}\n<\/style>\n<div id='desktop-version'  class='avia-section av-2rxwag-bc1276af5ee42ed674e3673eb76f2a3d main_color avia-section-default avia-no-border-styling  avia-builder-el-0  el_before_av_section  avia-builder-el-first  av-small-hide av-mini-hide avia-bg-style-scroll container_wrap fullsize'  ><div class='avia-divider-svg avia-divider-svg-tilt avia-divider-svg-bottom avia-svg-original'><svg xmlns=\"http:\/\/www.w3.org\/2000\/svg\" viewBox=\"0 0 1000 100\" preserveAspectRatio=\"none\">\n\t<path d=\"M0,6V0h1000v100L0,6z\"\/>\n<\/svg><\/div><div class='container av-section-cont-open' ><main  role=\"main\" itemprop=\"mainContentOfPage\"  class='template-page content  av-content-full alpha units'><div class='post-entry post-entry-type-page post-entry-480'><div class='entry-content-wrapper clearfix'>\n<div class='flex_column av-2i1bvc-397bd3c0b125bc7338b4e1ccf2a73c0d av_one_half  avia-builder-el-1  el_before_av_one_half  avia-builder-el-first  first flex_column_div '   ><section  class='av_textblock_section av-l3r64iyu-e07019975b974e3eb6e4cabd965cdf02'  itemscope=\"itemscope\" itemtype=\"https:\/\/schema.org\/CreativeWork\" ><div class='avia_textblock'  itemprop=\"text\" ><h1>Psychotherapie f\u00fcr Kinder und Jugendliche<\/h1>\n<\/div><\/section><br \/>\n\n<style type=\"text\/css\" data-created_by=\"avia_inline_auto\" id=\"style-css-av-2cp448-97eaa5615c54550ee8be47004fde0936\">\n#top .hr.av-2cp448-97eaa5615c54550ee8be47004fde0936{\nmargin-top:20px;\nmargin-bottom:20px;\n}\n.hr.av-2cp448-97eaa5615c54550ee8be47004fde0936 .hr-inner{\nwidth:50px;\n}\n<\/style>\n<div  class='hr av-2cp448-97eaa5615c54550ee8be47004fde0936 hr-custom  avia-builder-el-3  el_after_av_textblock  el_before_av_textblock  hr-center hr-icon-no'><span class='hr-inner inner-border-av-border-none'><span class=\"hr-inner-style\"><\/span><\/span><\/div><br \/>\n<section  class='av_textblock_section av-l3r6711n-86c919a824dfa3a5e9fe6c718bf73f12'  itemscope=\"itemscope\" itemtype=\"https:\/\/schema.org\/CreativeWork\" ><div class='avia_textblock'  itemprop=\"text\" ><p>Unsere Arbeit mit Kindern und Jugendlichen umfasst die Abkl\u00e4rung und Psychotherapie, welche speziell auf die individuellen Bed\u00fcrfnisse abgestimmt ist. In einem Erstgespr\u00e4ch besprechen wir Ihr Anliegen und kl\u00e4ren gemeinsam, ob wir daf\u00fcr die richtigen Ansprechpersonen sind. Je nach Fragestellung werden die Sitzungen einzeln oder mit der Familie stattfinden. Wir vereinbaren ein Vorgehen, das zu Ihrem Anliegen passt.<\/p>\n<\/div><\/section><br \/>\n\n<style type=\"text\/css\" data-created_by=\"avia_inline_auto\" id=\"style-css-av-27sufs-837af1c1b10407b969ad04dce808438c\">\n#top .hr.av-27sufs-837af1c1b10407b969ad04dce808438c{\nmargin-top:20px;\nmargin-bottom:20px;\n}\n.hr.av-27sufs-837af1c1b10407b969ad04dce808438c .hr-inner{\nwidth:50px;\n}\n<\/style>\n<div  class='hr av-27sufs-837af1c1b10407b969ad04dce808438c hr-custom  avia-builder-el-5  el_after_av_textblock  el_before_av_textblock  hr-center hr-icon-no'><span class='hr-inner inner-border-av-border-none'><span class=\"hr-inner-style\"><\/span><\/span><\/div><br \/>\n<section  class='av_textblock_section av-l3r6bg4u-547243d50f031507b787c03750d72140'  itemscope=\"itemscope\" itemtype=\"https:\/\/schema.org\/CreativeWork\" ><div class='avia_textblock'  itemprop=\"text\" ><p><strong>H\u00e4ufige Themen f\u00fcr Psychotherapie im Kinder- und Jugendbereich sind:<\/strong><\/p>\n<ul>\n<li>Niedergeschlagenheit, Traurigkeit, Verlust von Freude und Interessen, Antriebslosigkeit, Gedankenkreisen, aggressives Verhalten<\/li>\n<li>\u00c4ngste, Panikattacken, Leistungs\u00e4ngste, soziale \u00c4ngste<\/li>\n<li>Zw\u00e4nge<\/li>\n<li>Schlafprobleme<\/li>\n<li>Selbstwertprobleme<\/li>\n<li>Beziehungsprobleme mit Gleichaltrigen<\/li>\n<li>Selbstverletzendes Verhalten<\/li>\n<li>Psychosomatische Beschwerden<\/li>\n<li>Belastende Lebensereignisse (z.B. Trennung \/ Scheidung der Eltern, Todesf\u00e4lle \/ schwere Erkrankung in der Familie, Umzug, traumatische Erlebnisse, Mobbing)<\/li>\n<li>Verhaltensauff\u00e4lligkeiten wie Aufmerksamkeits- und Hyperaktivit\u00e4tsst\u00f6rung (ADS\/ADHS), Autismus-Spektrum-St\u00f6rung (ASS)<\/li>\n<li>Kontakt-, Beziehungs- und Verhaltensauff\u00e4lligkeiten wie zum Beispiel Aggressionen, Wutausbr\u00fcche, Hyperaktivit\u00e4t, Sch\u00fcchternheit, Kommunikationsschwierigkeiten ect.<\/li>\n<li>Abkl\u00e4rungen im Bereich Aufmerksamkeits-, Konzentrationsschwierigkeiten, erh\u00f6hte Ablenkbarkeit, starker Bewegungsdrang, Schul- und Lernschwierigkeiten, Teilleistungsschw\u00e4chen, Entwicklungsverz\u00f6gerungen, Hochbegabung<\/li>\n<li>\u2026<\/li>\n<\/ul>\n<\/div><\/section><br \/>\n\n<style type=\"text\/css\" data-created_by=\"avia_inline_auto\" id=\"style-css-av-24ews0-17251448dc186ccdd60b143ef5b9bfe5\">\n#top .hr.av-24ews0-17251448dc186ccdd60b143ef5b9bfe5{\nmargin-top:20px;\nmargin-bottom:20px;\n}\n.hr.av-24ews0-17251448dc186ccdd60b143ef5b9bfe5 .hr-inner{\nwidth:50px;\n}\n<\/style>\n<div  class='hr av-24ews0-17251448dc186ccdd60b143ef5b9bfe5 hr-custom  avia-builder-el-7  el_after_av_textblock  avia-builder-el-last  hr-center hr-icon-no'><span class='hr-inner inner-border-av-border-none'><span class=\"hr-inner-style\"><\/span><\/span><\/div><\/p><\/div><div class='flex_column av-pav4-5c7d37f12facaefa34b9e6767802e511 av_one_half  avia-builder-el-8  el_after_av_one_half  avia-builder-el-last  flex_column_div '   ><p>\n<style type=\"text\/css\" data-created_by=\"avia_inline_auto\" id=\"style-css-av-l3r6gidb-839102d0d8054437935db5a6a678f3f1\">\n.avia-image-container.av-l3r6gidb-839102d0d8054437935db5a6a678f3f1 .av-image-caption-overlay-center{\ncolor:#ffffff;\n}\n<\/style>\n<div  class='avia-image-container av-l3r6gidb-839102d0d8054437935db5a6a678f3f1 av-styling- avia-align-center  avia-builder-el-9  el_before_av_hr  avia-builder-el-first '  itemprop=\"image\" itemscope=\"itemscope\" itemtype=\"https:\/\/schema.org\/ImageObject\" ><div class=\"avia-image-container-inner\"><div class=\"avia-image-overlay-wrap\"><img decoding=\"async\" class='wp-image-815 avia-img-lazy-loading-not-815 avia_image' src=\"https:\/\/psychotherapie-oberland.ch\/wp-content\/uploads\/0426_1000.jpg\" alt='' title='Psychotherapie f\u00fcr Kinder und Jugendliche'  height=\"563\" width=\"1000\"  itemprop=\"thumbnailUrl\" srcset=\"https:\/\/psychotherapie-oberland.ch\/wp-content\/uploads\/0426_1000.jpg 1000w, https:\/\/psychotherapie-oberland.ch\/wp-content\/uploads\/0426_1000-300x169.jpg 300w, https:\/\/psychotherapie-oberland.ch\/wp-content\/uploads\/0426_1000-768x432.jpg 768w, https:\/\/psychotherapie-oberland.ch\/wp-content\/uploads\/0426_1000-705x397.jpg 705w\" sizes=\"(max-width: 1000px) 100vw, 1000px\" \/><\/div><\/div><\/div><br \/>\n\n<style type=\"text\/css\" data-created_by=\"avia_inline_auto\" id=\"style-css-av-1por4o-1dde640541dde5c16d3765071d2fb6ee\">\n#top .hr.av-1por4o-1dde640541dde5c16d3765071d2fb6ee{\nmargin-top:20px;\nmargin-bottom:20px;\n}\n.hr.av-1por4o-1dde640541dde5c16d3765071d2fb6ee .hr-inner{\nwidth:50px;\n}\n<\/style>\n<div  class='hr av-1por4o-1dde640541dde5c16d3765071d2fb6ee hr-custom  avia-builder-el-10  el_after_av_image  el_before_av_textblock  hr-center hr-icon-no'><span class='hr-inner inner-border-av-border-none'><span class=\"hr-inner-style\"><\/span><\/span><\/div><br \/>\n<section  class='av_textblock_section av-l3r6frzg-e9c96d88a14046a1c9d7ee62d30696a8'  itemscope=\"itemscope\" itemtype=\"https:\/\/schema.org\/CreativeWork\" ><div class='avia_textblock'  itemprop=\"text\" ><p><strong>Anmeldung<\/strong><\/p>\n<p>Bei Interesse kontaktieren Sie uns via Email.<br \/>\nFabienne Steffen &#8211; <a href=\"mailto:fabienne.steffen@psychologie.ch\" target=\"_blank\" rel=\"noopener\">fabienne.steffen@psychologie.ch<\/a><br \/>\nSimone Venetz &#8211; <a href=\"mailto:simone.venetz@psychologie.ch\" target=\"_blank\" rel=\"noopener\">simone.venetz@psychologie.ch<\/a><\/p>\n<\/div><\/section><\/p><\/div><\/div><\/div><\/main><!-- close content main element --><\/div><\/div>\n<style type=\"text\/css\" data-created_by=\"avia_inline_auto\" id=\"style-css-av-l3r6h3z6-6ee589345676aaf25e6fb350cdf0eed6\">\n.avia-section.av-l3r6h3z6-6ee589345676aaf25e6fb350cdf0eed6{\nbackground-color:#ffffff;\nbackground:linear-gradient( to bottom, #ffffff, #ffffff, #ededed );\nposition:relative;\n}\n.avia-section.av-l3r6h3z6-6ee589345676aaf25e6fb350cdf0eed6 .avia-divider-svg-bottom svg{\nheight:50px;\nfill:#ffffff;\n}\n<\/style>\n<div id='mobile-version'  class='avia-section av-l3r6h3z6-6ee589345676aaf25e6fb350cdf0eed6 main_color avia-section-default avia-no-border-styling  avia-builder-el-12  el_after_av_section  avia-builder-el-last  av-desktop-hide av-medium-hide avia-bg-style-scroll container_wrap fullsize'  ><div class='avia-divider-svg avia-divider-svg-tilt avia-divider-svg-bottom avia-svg-original'><svg xmlns=\"http:\/\/www.w3.org\/2000\/svg\" viewBox=\"0 0 1000 100\" preserveAspectRatio=\"none\">\n\t<path d=\"M0,6V0h1000v100L0,6z\"\/>\n<\/svg><\/div><div class='container av-section-cont-open' ><div class='template-page content  av-content-full alpha units'><div class='post-entry post-entry-type-page post-entry-480'><div class='entry-content-wrapper clearfix'>\n<div class='flex_column av-1i976o-204c1b8601a936a3ca83f571a9f407d1 av_one_half  avia-builder-el-13  avia-builder-el-no-sibling  first flex_column_div '   ><section  class='av_textblock_section av-1faglc-a5c4aaf8643e77c3ece59ca0279fc014'  itemscope=\"itemscope\" itemtype=\"https:\/\/schema.org\/CreativeWork\" ><div class='avia_textblock'  itemprop=\"text\" ><h1>Psychotherapie f\u00fcr Kinder und Jugendliche<\/h1>\n<\/div><\/section><br \/>\n\n<style type=\"text\/css\" data-created_by=\"avia_inline_auto\" id=\"style-css-av-1a9ywo-169011f178f618ad9e0d3d5bc3e0f87c\">\n#top .hr.av-1a9ywo-169011f178f618ad9e0d3d5bc3e0f87c{\nmargin-top:20px;\nmargin-bottom:20px;\n}\n.hr.av-1a9ywo-169011f178f618ad9e0d3d5bc3e0f87c .hr-inner{\nwidth:50px;\n}\n<\/style>\n<div  class='hr av-1a9ywo-169011f178f618ad9e0d3d5bc3e0f87c hr-custom  avia-builder-el-15  el_after_av_textblock  el_before_av_image  hr-center hr-icon-no'><span class='hr-inner inner-border-av-border-none'><span class=\"hr-inner-style\"><\/span><\/span><\/div><br \/>\n\n<style type=\"text\/css\" data-created_by=\"avia_inline_auto\" id=\"style-css-av-14vob4-952e42d7e4957b6f3b959c213df4ada7\">\n.avia-image-container.av-14vob4-952e42d7e4957b6f3b959c213df4ada7 .av-image-caption-overlay-center{\ncolor:#ffffff;\n}\n<\/style>\n<div  class='avia-image-container av-14vob4-952e42d7e4957b6f3b959c213df4ada7 av-styling- avia-align-center  avia-builder-el-16  el_after_av_hr  el_before_av_hr '  itemprop=\"image\" itemscope=\"itemscope\" itemtype=\"https:\/\/schema.org\/ImageObject\" ><div class=\"avia-image-container-inner\"><div class=\"avia-image-overlay-wrap\"><img decoding=\"async\" class='wp-image-815 avia-img-lazy-loading-not-815 avia_image' src=\"https:\/\/psychotherapie-oberland.ch\/wp-content\/uploads\/0426_1000.jpg\" alt='' title='Psychotherapie f\u00fcr Kinder und Jugendliche'  height=\"563\" width=\"1000\"  itemprop=\"thumbnailUrl\" srcset=\"https:\/\/psychotherapie-oberland.ch\/wp-content\/uploads\/0426_1000.jpg 1000w, https:\/\/psychotherapie-oberland.ch\/wp-content\/uploads\/0426_1000-300x169.jpg 300w, https:\/\/psychotherapie-oberland.ch\/wp-content\/uploads\/0426_1000-768x432.jpg 768w, https:\/\/psychotherapie-oberland.ch\/wp-content\/uploads\/0426_1000-705x397.jpg 705w\" sizes=\"(max-width: 1000px) 100vw, 1000px\" \/><\/div><\/div><\/div><br \/>\n\n<style type=\"text\/css\" data-created_by=\"avia_inline_auto\" id=\"style-css-av-x7zxc-13afebb5272427a5beeb01e80b9a1f7e\">\n#top .hr.av-x7zxc-13afebb5272427a5beeb01e80b9a1f7e{\nmargin-top:20px;\nmargin-bottom:20px;\n}\n.hr.av-x7zxc-13afebb5272427a5beeb01e80b9a1f7e .hr-inner{\nwidth:50px;\n}\n<\/style>\n<div  class='hr av-x7zxc-13afebb5272427a5beeb01e80b9a1f7e hr-custom  avia-builder-el-17  el_after_av_image  el_before_av_textblock  hr-center hr-icon-no'><span class='hr-inner inner-border-av-border-none'><span class=\"hr-inner-style\"><\/span><\/span><\/div><br \/>\n<section  class='av_textblock_section av-2loa8-462e0efee85b53e414e38cb8ecce5bdb'  itemscope=\"itemscope\" itemtype=\"https:\/\/schema.org\/CreativeWork\" ><div class='avia_textblock'  itemprop=\"text\" ><p><strong>Anmeldung<\/strong><\/p>\n<p>Bei Interesse kontaktieren Sie uns via Email.<br \/>\nFabienne Steffen &#8211; <a href=\"mailto:fabienne.steffen@psychologie.ch\" target=\"_blank\" rel=\"noopener\">fabienne.steffen@psychologie.ch<\/a><br \/>\nSimone Venetz &#8211; <a href=\"mailto:simone.venetz@psychologie.ch\" target=\"_blank\" rel=\"noopener\">simone.venetz@psychologie.ch<\/a><\/p>\n<\/div><\/section><br \/>\n\n<style type=\"text\/css\" data-created_by=\"avia_inline_auto\" id=\"style-css-av-mpnk0-59c5ea9f1c45041cb0e3e2828cc2f983\">\n#top .hr.av-mpnk0-59c5ea9f1c45041cb0e3e2828cc2f983{\nmargin-top:20px;\nmargin-bottom:20px;\n}\n.hr.av-mpnk0-59c5ea9f1c45041cb0e3e2828cc2f983 .hr-inner{\nwidth:50px;\n}\n<\/style>\n<div  class='hr av-mpnk0-59c5ea9f1c45041cb0e3e2828cc2f983 hr-custom  avia-builder-el-19  el_after_av_textblock  el_before_av_textblock  hr-center hr-icon-no'><span class='hr-inner inner-border-av-border-none'><span class=\"hr-inner-style\"><\/span><\/span><\/div><br \/>\n<section  class='av_textblock_section av-l3r6ilbw-2adee3931af7ba3828d2a9708a6f8558'  itemscope=\"itemscope\" itemtype=\"https:\/\/schema.org\/CreativeWork\" ><div class='avia_textblock'  itemprop=\"text\" ><p><strong>Psychotherapie im Kinder- und Jugendbereich<\/strong><br \/>\nUnsere Arbeit mit Kindern und Jugendlichen umfasst die Abkl\u00e4rung und Psychotherapie, welche speziell auf die individuellen Bed\u00fcrfnisse abgestimmt ist. In einem Erstgespr\u00e4ch besprechen wir Ihr Anliegen und kl\u00e4ren gemeinsam, ob wir daf\u00fcr die richtigen Ansprechpersonen sind. Je nach Fragestellung werden die Sitzungen einzeln oder mit der Familie stattfinden. Wir vereinbaren ein Vorgehen, das zu Ihrem Anliegen passt.<\/p>\n<\/div><\/section><br \/>\n\n<style type=\"text\/css\" data-created_by=\"avia_inline_auto\" id=\"style-css-av-gb5ps-addf53b5a68d17b2f20892105ad24e2a\">\n#top .hr.av-gb5ps-addf53b5a68d17b2f20892105ad24e2a{\nmargin-top:20px;\nmargin-bottom:20px;\n}\n.hr.av-gb5ps-addf53b5a68d17b2f20892105ad24e2a .hr-inner{\nwidth:50px;\n}\n<\/style>\n<div  class='hr av-gb5ps-addf53b5a68d17b2f20892105ad24e2a hr-custom  avia-builder-el-21  el_after_av_textblock  el_before_av_textblock  hr-center hr-icon-no'><span class='hr-inner inner-border-av-border-none'><span class=\"hr-inner-style\"><\/span><\/span><\/div><br \/>\n<section  class='av_textblock_section av-l3r6i82q-f6539867cfa84cdb9d92bb9b36a8f7e2'  itemscope=\"itemscope\" itemtype=\"https:\/\/schema.org\/CreativeWork\" ><div class='avia_textblock'  itemprop=\"text\" ><p><strong>H\u00e4ufige Themen f\u00fcr Psychotherapie im Kinder- und Jugendbereich sind:<\/strong><\/p>\n<ul>\n<li>Niedergeschlagenheit, Traurigkeit, Verlust von Freude und Interessen, Antriebslosigkeit, Gedankenkreisen, aggressives Verhalten<\/li>\n<li>\u00c4ngste, Panikattacken, Leistungs\u00e4ngste, soziale \u00c4ngste<\/li>\n<li>Zw\u00e4nge<\/li>\n<li>Schlafprobleme<\/li>\n<li>Selbstwertprobleme<\/li>\n<li>Beziehungsprobleme mit Gleichaltreigen<\/li>\n<li>Selbstverletzendes Verhalten<\/li>\n<li>Psychosomatische Beschwerden<\/li>\n<li>Belastende Lebensereignisse (z.B. Trennung \/ Scheidung der Eltern, Todesf\u00e4lle \/ schwere Erkrankung in der Familie, Umzug, traumatische Erlebnisse, Mobbing)<\/li>\n<li>Verhaltensauff\u00e4lligkeiten wie Aufmerksamkeits- und Hyperaktivit\u00e4tsst\u00f6rung (ADS\/ADHS), Autismus-Spektrum-St\u00f6rung (ASS)<\/li>\n<li>Kontakt-, Beziehungs- und Verhaltensauff\u00e4lligkeiten wie zum Beispiel Aggressionen, Wutausbr\u00fcche, Hyperaktivit\u00e4t, Sch\u00fcchternheit, Kommunikationsschwierigkeiten ect.<\/li>\n<li>Abkl\u00e4rungen im Bereich Aufmerksamkeits-, Konzentrationsschwierigkeiten, erh\u00f6hte Ablenkbarkeit, starker Bewegungsdrang, Schul- und Lernschwierigkeiten, Teilleistungsschw\u00e4chen, Entwicklungsverz\u00f6gerungen, Hochbegabung<\/li>\n<li>\u2026<\/li>\n<\/ul>\n<\/div><\/section><br \/>\n\n<style type=\"text\/css\" data-created_by=\"avia_inline_auto\" id=\"style-css-av-apk00-9c2396592dca79364b9997a073f9944b\">\n#top .hr.av-apk00-9c2396592dca79364b9997a073f9944b{\nmargin-top:20px;\nmargin-bottom:20px;\n}\n.hr.av-apk00-9c2396592dca79364b9997a073f9944b .hr-inner{\nwidth:50px;\n}\n<\/style>\n<div  class='hr av-apk00-9c2396592dca79364b9997a073f9944b hr-custom  avia-builder-el-23  el_after_av_textblock  avia-builder-el-last  hr-center hr-icon-no'><span class='hr-inner inner-border-av-border-none'><span class=\"hr-inner-style\"><\/span><\/span><\/div><\/p><\/div><\/p>\n","protected":false},"excerpt":{"rendered":"","protected":false},"author":4,"featured_media":0,"parent":0,"menu_order":4,"comment_status":"closed","ping_status":"closed","template":"","meta":{"footnotes":""},"class_list":["post-480","page","type-page","status-publish","hentry"],"yoast_head":"<!-- This site is optimized with the Yoast SEO plugin v27.5 - https:\/\/yoast.com\/product\/yoast-seo-wordpress\/ -->\n<title>Psychotherapie f\u00fcr Kinder und Jugendliche - Psychotherapie Oberland<\/title>\n<meta name=\"description\" content=\"Unsere Psychotherapie f\u00fcr Kinder und Jugendliche umfasst die Abkl\u00e4rung und Therapie, welche speziell auf die individuellen Bed\u00fcrfnisse abgestimmt ist.\" \/>\n<meta name=\"robots\" content=\"index, follow, max-snippet:-1, max-image-preview:large, max-video-preview:-1\" \/>\n<link rel=\"canonical\" href=\"https:\/\/psychotherapie-oberland.ch\/?page_id=480\" \/>\n<meta property=\"og:locale\" content=\"de_DE\" \/>\n<meta property=\"og:type\" content=\"article\" \/>\n<meta property=\"og:title\" content=\"Psychotherapie f\u00fcr Kinder und Jugendliche - Psychotherapie Oberland\" \/>\n<meta property=\"og:description\" content=\"Unsere Psychotherapie f\u00fcr Kinder und Jugendliche umfasst die Abkl\u00e4rung und Therapie, welche speziell auf die individuellen Bed\u00fcrfnisse abgestimmt ist.\" \/>\n<meta property=\"og:url\" content=\"https:\/\/psychotherapie-oberland.ch\/?page_id=480\" \/>\n<meta property=\"og:site_name\" content=\"Psychotherapie Oberland\" \/>\n<meta property=\"article:modified_time\" content=\"2026-03-14T15:40:38+00:00\" \/>\n<meta name=\"twitter:card\" content=\"summary_large_image\" \/>\n<meta name=\"twitter:label1\" content=\"Gesch\u00e4tzte Lesezeit\" \/>\n\t<meta name=\"twitter:data1\" content=\"6\u00a0Minuten\" \/>\n<script type=\"application\/ld+json\" class=\"yoast-schema-graph\">{\"@context\":\"https:\\\/\\\/schema.org\",\"@graph\":[{\"@type\":\"WebPage\",\"@id\":\"https:\\\/\\\/psychotherapie-oberland.ch\\\/?page_id=480\",\"url\":\"https:\\\/\\\/psychotherapie-oberland.ch\\\/?page_id=480\",\"name\":\"Psychotherapie f\u00fcr Kinder und Jugendliche - Psychotherapie Oberland\",\"isPartOf\":{\"@id\":\"https:\\\/\\\/psychotherapie-oberland.ch\\\/#website\"},\"datePublished\":\"2022-05-20T11:24:41+00:00\",\"dateModified\":\"2026-03-14T15:40:38+00:00\",\"description\":\"Unsere Psychotherapie f\u00fcr Kinder und Jugendliche umfasst die Abkl\u00e4rung und Therapie, welche speziell auf die individuellen Bed\u00fcrfnisse abgestimmt ist.\",\"breadcrumb\":{\"@id\":\"https:\\\/\\\/psychotherapie-oberland.ch\\\/?page_id=480#breadcrumb\"},\"inLanguage\":\"de-CH\",\"potentialAction\":[{\"@type\":\"ReadAction\",\"target\":[\"https:\\\/\\\/psychotherapie-oberland.ch\\\/?page_id=480\"]}]},{\"@type\":\"BreadcrumbList\",\"@id\":\"https:\\\/\\\/psychotherapie-oberland.ch\\\/?page_id=480#breadcrumb\",\"itemListElement\":[{\"@type\":\"ListItem\",\"position\":1,\"name\":\"Startseite\",\"item\":\"https:\\\/\\\/psychotherapie-oberland.ch\\\/?page_id=24\"},{\"@type\":\"ListItem\",\"position\":2,\"name\":\"Psychotherapie f\u00fcr Kinder und Jugendliche\"}]},{\"@type\":\"WebSite\",\"@id\":\"https:\\\/\\\/psychotherapie-oberland.ch\\\/#website\",\"url\":\"https:\\\/\\\/psychotherapie-oberland.ch\\\/\",\"name\":\"Psychotherapie Oberland\",\"description\":\"Psychtherapie f\u00fcr Jugendliche und Erwachsene sowie pferdegest\u00fctzte Psychtherapie\",\"potentialAction\":[{\"@type\":\"SearchAction\",\"target\":{\"@type\":\"EntryPoint\",\"urlTemplate\":\"https:\\\/\\\/psychotherapie-oberland.ch\\\/?s={search_term_string}\"},\"query-input\":{\"@type\":\"PropertyValueSpecification\",\"valueRequired\":true,\"valueName\":\"search_term_string\"}}],\"inLanguage\":\"de-CH\"}]}<\/script>\n<!-- \/ Yoast SEO plugin. -->","yoast_head_json":{"title":"Psychotherapie f\u00fcr Kinder und Jugendliche - Psychotherapie Oberland","description":"Unsere Psychotherapie f\u00fcr Kinder und Jugendliche umfasst die Abkl\u00e4rung und Therapie, welche speziell auf die individuellen Bed\u00fcrfnisse abgestimmt ist.","robots":{"index":"index","follow":"follow","max-snippet":"max-snippet:-1","max-image-preview":"max-image-preview:large","max-video-preview":"max-video-preview:-1"},"canonical":"https:\/\/psychotherapie-oberland.ch\/?page_id=480","og_locale":"de_DE","og_type":"article","og_title":"Psychotherapie f\u00fcr Kinder und Jugendliche - Psychotherapie Oberland","og_description":"Unsere Psychotherapie f\u00fcr Kinder und Jugendliche umfasst die Abkl\u00e4rung und Therapie, welche speziell auf die individuellen Bed\u00fcrfnisse abgestimmt ist.","og_url":"https:\/\/psychotherapie-oberland.ch\/?page_id=480","og_site_name":"Psychotherapie Oberland","article_modified_time":"2026-03-14T15:40:38+00:00","twitter_card":"summary_large_image","twitter_misc":{"Gesch\u00e4tzte Lesezeit":"6\u00a0Minuten"},"schema":{"@context":"https:\/\/schema.org","@graph":[{"@type":"WebPage","@id":"https:\/\/psychotherapie-oberland.ch\/?page_id=480","url":"https:\/\/psychotherapie-oberland.ch\/?page_id=480","name":"Psychotherapie f\u00fcr Kinder und Jugendliche - Psychotherapie Oberland","isPartOf":{"@id":"https:\/\/psychotherapie-oberland.ch\/#website"},"datePublished":"2022-05-20T11:24:41+00:00","dateModified":"2026-03-14T15:40:38+00:00","description":"Unsere Psychotherapie f\u00fcr Kinder und Jugendliche umfasst die Abkl\u00e4rung und Therapie, welche speziell auf die individuellen Bed\u00fcrfnisse abgestimmt ist.","breadcrumb":{"@id":"https:\/\/psychotherapie-oberland.ch\/?page_id=480#breadcrumb"},"inLanguage":"de-CH","potentialAction":[{"@type":"ReadAction","target":["https:\/\/psychotherapie-oberland.ch\/?page_id=480"]}]},{"@type":"BreadcrumbList","@id":"https:\/\/psychotherapie-oberland.ch\/?page_id=480#breadcrumb","itemListElement":[{"@type":"ListItem","position":1,"name":"Startseite","item":"https:\/\/psychotherapie-oberland.ch\/?page_id=24"},{"@type":"ListItem","position":2,"name":"Psychotherapie f\u00fcr Kinder und Jugendliche"}]},{"@type":"WebSite","@id":"https:\/\/psychotherapie-oberland.ch\/#website","url":"https:\/\/psychotherapie-oberland.ch\/","name":"Psychotherapie Oberland","description":"Psychtherapie f\u00fcr Jugendliche und Erwachsene sowie pferdegest\u00fctzte Psychtherapie","potentialAction":[{"@type":"SearchAction","target":{"@type":"EntryPoint","urlTemplate":"https:\/\/psychotherapie-oberland.ch\/?s={search_term_string}"},"query-input":{"@type":"PropertyValueSpecification","valueRequired":true,"valueName":"search_term_string"}}],"inLanguage":"de-CH"}]}},"_links":{"self":[{"href":"https:\/\/psychotherapie-oberland.ch\/index.php?rest_route=\/wp\/v2\/pages\/480","targetHints":{"allow":["GET"]}}],"collection":[{"href":"https:\/\/psychotherapie-oberland.ch\/index.php?rest_route=\/wp\/v2\/pages"}],"about":[{"href":"https:\/\/psychotherapie-oberland.ch\/index.php?rest_route=\/wp\/v2\/types\/page"}],"author":[{"embeddable":true,"href":"https:\/\/psychotherapie-oberland.ch\/index.php?rest_route=\/wp\/v2\/users\/4"}],"replies":[{"embeddable":true,"href":"https:\/\/psychotherapie-oberland.ch\/index.php?rest_route=%2Fwp%2Fv2%2Fcomments&post=480"}],"version-history":[{"count":8,"href":"https:\/\/psychotherapie-oberland.ch\/index.php?rest_route=\/wp\/v2\/pages\/480\/revisions"}],"predecessor-version":[{"id":907,"href":"https:\/\/psychotherapie-oberland.ch\/index.php?rest_route=\/wp\/v2\/pages\/480\/revisions\/907"}],"wp:attachment":[{"href":"https:\/\/psychotherapie-oberland.ch\/index.php?rest_route=%2Fwp%2Fv2%2Fmedia&parent=480"}],"curies":[{"name":"wp","href":"https:\/\/api.w.org\/{rel}","templated":true}]}}