{"id":483,"date":"2022-05-20T13:25:50","date_gmt":"2022-05-20T11:25:50","guid":{"rendered":"https:\/\/psychotherapie-oberland.ch\/?page_id=483"},"modified":"2026-03-14T16:42:02","modified_gmt":"2026-03-14T15:42:02","slug":"psychotherapie-fuer-erwachsene","status":"publish","type":"page","link":"https:\/\/psychotherapie-oberland.ch\/?page_id=483","title":{"rendered":"Psychotherapie f\u00fcr Erwachsene"},"content":{"rendered":"\n<style type=\"text\/css\" data-created_by=\"avia_inline_auto\" id=\"style-css-av-2p3be3-f75635c8791cc554efe910fb3c2e84ae\">\n.avia-section.av-2p3be3-f75635c8791cc554efe910fb3c2e84ae{\nbackground-color:#ffffff;\nbackground:linear-gradient( to bottom, #ffffff, #ffffff, #ededed );\nposition:relative;\n}\n.avia-section.av-2p3be3-f75635c8791cc554efe910fb3c2e84ae .avia-divider-svg-bottom svg{\nheight:50px;\nfill:#ffffff;\n}\n<\/style>\n<div id='desktop-version'  class='avia-section av-2p3be3-f75635c8791cc554efe910fb3c2e84ae main_color avia-section-default avia-no-border-styling  avia-builder-el-0  el_before_av_section  avia-builder-el-first  av-small-hide av-mini-hide avia-bg-style-scroll container_wrap fullsize'  ><div class='avia-divider-svg avia-divider-svg-tilt avia-divider-svg-bottom avia-svg-original'><svg xmlns=\"http:\/\/www.w3.org\/2000\/svg\" viewBox=\"0 0 1000 100\" preserveAspectRatio=\"none\">\n\t<path d=\"M0,6V0h1000v100L0,6z\"\/>\n<\/svg><\/div><div class='container av-section-cont-open' ><main  role=\"main\" itemprop=\"mainContentOfPage\"  class='template-page content  av-content-full alpha units'><div class='post-entry post-entry-type-page post-entry-483'><div class='entry-content-wrapper clearfix'>\n<div class='flex_column av-2js6zn-e45da309d98eadfdd3013f6bbc713796 av_one_half  avia-builder-el-1  el_before_av_one_half  avia-builder-el-first  first flex_column_div '   ><section  class='av_textblock_section av-2d7i5n-e174a825993b6874cc32df574a01c0b1'  itemscope=\"itemscope\" itemtype=\"https:\/\/schema.org\/CreativeWork\" ><div class='avia_textblock'  itemprop=\"text\" ><h1>Psychotherapie f\u00fcr Erwachsene<\/h1>\n<\/div><\/section><br \/>\n\n<style type=\"text\/css\" data-created_by=\"avia_inline_auto\" id=\"style-css-av-86ctn-51644d2cdbc88567a7bf270cfe1b5c98\">\n#top .hr.av-86ctn-51644d2cdbc88567a7bf270cfe1b5c98{\nmargin-top:20px;\nmargin-bottom:20px;\n}\n.hr.av-86ctn-51644d2cdbc88567a7bf270cfe1b5c98 .hr-inner{\nwidth:50px;\n}\n<\/style>\n<div  class='hr av-86ctn-51644d2cdbc88567a7bf270cfe1b5c98 hr-custom  avia-builder-el-3  el_after_av_textblock  el_before_av_textblock  hr-center hr-icon-no'><span class='hr-inner inner-border-av-border-none'><span class=\"hr-inner-style\"><\/span><\/span><\/div><br \/>\n<section  class='av_textblock_section av-q81n-8dd0a8b8afe9f48da97e7d7208ae6086'  itemscope=\"itemscope\" itemtype=\"https:\/\/schema.org\/CreativeWork\" ><div class='avia_textblock'  itemprop=\"text\" ><p>In der Psychotherapie f\u00fcr Erwachsene besprechen wir im Erstgespr\u00e4ch Ihr Anliegen und kl\u00e4ren gemeinsam, ob wir daf\u00fcr die richtigen Ansprechpersonen sind. Wir vereinbaren ein Vorgehen, das zu Ihrem Anliegen passt. Die Behandlung umfasst neben dem therapeutischen Gespr\u00e4ch Elemente aus verschiedenen Behandlungsans\u00e4tzen sowie diagnostische Abkl\u00e4rungen.<\/p>\n<\/div><\/section><br \/>\n\n<style type=\"text\/css\" data-created_by=\"avia_inline_auto\" id=\"style-css-av-1uteib-742c08fa62d65716b62d528b248675e1\">\n#top .hr.av-1uteib-742c08fa62d65716b62d528b248675e1{\nmargin-top:20px;\nmargin-bottom:20px;\n}\n.hr.av-1uteib-742c08fa62d65716b62d528b248675e1 .hr-inner{\nwidth:50px;\n}\n<\/style>\n<div  class='hr av-1uteib-742c08fa62d65716b62d528b248675e1 hr-custom  avia-builder-el-5  el_after_av_textblock  el_before_av_textblock  hr-center hr-icon-no'><span class='hr-inner inner-border-av-border-none'><span class=\"hr-inner-style\"><\/span><\/span><\/div><br \/>\n<section  class='av_textblock_section av-1oiogz-b4977ccc112d291d37387dff8b38e8f6'  itemscope=\"itemscope\" itemtype=\"https:\/\/schema.org\/CreativeWork\" ><div class='avia_textblock'  itemprop=\"text\" ><p><strong>H\u00e4ufige Themen in der Psychotherapie im Erwachsenenbereich sind:<\/strong><\/p>\n<ul>\n<li>Depressive Symptome wie z.B. Gef\u00fchle von Traurigkeit, Verlust von Freude und Interessen, Antriebslosigkeit, Gedankenkreisen etc.<\/li>\n<li>\u00c4ngste und Panikattacken<\/li>\n<li>Schlafprobleme<\/li>\n<li>Stress und \u00dcberforderung, Burn-Out<\/li>\n<li>Belastende Lebensereignisse, Lebenskrisen (z.B. Trennung, Todesf\u00e4lle, Arbeitslosigkeit)<\/li>\n<li>Traumatische Erfahrungen (nach k\u00f6rperlicher, psychischer, sexueller Gewalt und Unf\u00e4llen)<\/li>\n<li>Selbstwertprobleme<\/li>\n<li>Beziehungsprobleme<\/li>\n<li>Psychosomatische Beschwerden<\/li>\n<li>\u2026<\/li>\n<\/ul>\n<\/div><\/section><br \/>\n\n<style type=\"text\/css\" data-created_by=\"avia_inline_auto\" id=\"style-css-av-1iqbp7-13166e413655ad79a3d11a3f5c6f26a9\">\n#top .hr.av-1iqbp7-13166e413655ad79a3d11a3f5c6f26a9{\nmargin-top:20px;\nmargin-bottom:20px;\n}\n.hr.av-1iqbp7-13166e413655ad79a3d11a3f5c6f26a9 .hr-inner{\nwidth:50px;\n}\n<\/style>\n<div  class='hr av-1iqbp7-13166e413655ad79a3d11a3f5c6f26a9 hr-custom  avia-builder-el-7  el_after_av_textblock  avia-builder-el-last  hr-center hr-icon-no'><span class='hr-inner inner-border-av-border-none'><span class=\"hr-inner-style\"><\/span><\/span><\/div><\/p><\/div><div class='flex_column av-1gjrrn-06fb36648fb2f9786d595b6e4f7b5434 av_one_half  avia-builder-el-8  el_after_av_one_half  avia-builder-el-last  flex_column_div '   ><p>\n<style type=\"text\/css\" data-created_by=\"avia_inline_auto\" id=\"style-css-av-l3r5xaen-f822cbc15fb1504badd82a93bdc27a03\">\n.avia-image-container.av-l3r5xaen-f822cbc15fb1504badd82a93bdc27a03 .av-image-caption-overlay-center{\ncolor:#ffffff;\n}\n<\/style>\n<div  class='avia-image-container av-l3r5xaen-f822cbc15fb1504badd82a93bdc27a03 av-styling- avia-align-center  avia-builder-el-9  el_before_av_hr  avia-builder-el-first '  itemprop=\"image\" itemscope=\"itemscope\" itemtype=\"https:\/\/schema.org\/ImageObject\" ><div class=\"avia-image-container-inner\"><div class=\"avia-image-overlay-wrap\"><img decoding=\"async\" class='wp-image-811 avia-img-lazy-loading-not-811 avia_image' src=\"https:\/\/psychotherapie-oberland.ch\/wp-content\/uploads\/IMG_0373_1000.jpg\" alt='' title='Psychotherapie f\u00fcr Erwachsene'  height=\"750\" width=\"1000\"  itemprop=\"thumbnailUrl\" srcset=\"https:\/\/psychotherapie-oberland.ch\/wp-content\/uploads\/IMG_0373_1000.jpg 1000w, https:\/\/psychotherapie-oberland.ch\/wp-content\/uploads\/IMG_0373_1000-300x225.jpg 300w, https:\/\/psychotherapie-oberland.ch\/wp-content\/uploads\/IMG_0373_1000-768x576.jpg 768w, https:\/\/psychotherapie-oberland.ch\/wp-content\/uploads\/IMG_0373_1000-705x529.jpg 705w\" sizes=\"(max-width: 1000px) 100vw, 1000px\" \/><\/div><\/div><\/div><br \/>\n\n<style type=\"text\/css\" data-created_by=\"avia_inline_auto\" id=\"style-css-av-gwj0b-92fc5640aa4ead96f55f35d4c8e65908\">\n#top .hr.av-gwj0b-92fc5640aa4ead96f55f35d4c8e65908{\nmargin-top:20px;\nmargin-bottom:20px;\n}\n.hr.av-gwj0b-92fc5640aa4ead96f55f35d4c8e65908 .hr-inner{\nwidth:50px;\n}\n<\/style>\n<div  class='hr av-gwj0b-92fc5640aa4ead96f55f35d4c8e65908 hr-custom  avia-builder-el-10  el_after_av_image  el_before_av_textblock  hr-center hr-icon-no'><span class='hr-inner inner-border-av-border-none'><span class=\"hr-inner-style\"><\/span><\/span><\/div><br \/>\n<section  class='av_textblock_section av-91hyr-f177dde38ef01042a0782202f5132510'  itemscope=\"itemscope\" itemtype=\"https:\/\/schema.org\/CreativeWork\" ><div class='avia_textblock'  itemprop=\"text\" ><p><strong>Anmeldung<\/strong><\/p>\n<p>Bei Interesse kontaktieren Sie uns via Email.<br \/>\nSimone Venetz &#8211; <a href=\"mailto:simone.venetz@psychologie.ch\" target=\"_blank\" rel=\"noopener\">simone.venetz@psychologie.ch<\/a><br \/>\nFabienne Steffen &#8211; <a href=\"mailto:fabienne.steffen@psychologie.ch\" target=\"_blank\" rel=\"noopener\">fabienne.steffen@psychologie.ch<\/a><\/p>\n<\/div><\/section><\/p><\/div><\/div><\/div><\/main><!-- close content main element --><\/div><\/div>\n<style type=\"text\/css\" data-created_by=\"avia_inline_auto\" id=\"style-css-av-l3r5yfcu-2ed289f7853a7a1db016403cf94ad738\">\n.avia-section.av-l3r5yfcu-2ed289f7853a7a1db016403cf94ad738{\nbackground-color:#ffffff;\nbackground:linear-gradient( to bottom, #ffffff, #ffffff, #ededed );\nposition:relative;\n}\n.avia-section.av-l3r5yfcu-2ed289f7853a7a1db016403cf94ad738 .avia-divider-svg-bottom svg{\nheight:50px;\nfill:#ffffff;\n}\n<\/style>\n<div id='mobile-version'  class='avia-section av-l3r5yfcu-2ed289f7853a7a1db016403cf94ad738 main_color avia-section-default avia-no-border-styling  avia-builder-el-12  el_after_av_section  avia-builder-el-last  av-desktop-hide av-medium-hide avia-bg-style-scroll container_wrap fullsize'  ><div class='avia-divider-svg avia-divider-svg-tilt avia-divider-svg-bottom avia-svg-original'><svg xmlns=\"http:\/\/www.w3.org\/2000\/svg\" viewBox=\"0 0 1000 100\" preserveAspectRatio=\"none\">\n\t<path d=\"M0,6V0h1000v100L0,6z\"\/>\n<\/svg><\/div><div class='container av-section-cont-open' ><div class='template-page content  av-content-full alpha units'><div class='post-entry post-entry-type-page post-entry-483'><div class='entry-content-wrapper clearfix'>\n<div class='flex_column av-1o729f-d1ff130cc84a64aac4110a1852e3b76d av_one_half  avia-builder-el-13  avia-builder-el-no-sibling  first flex_column_div '   ><section  class='av_textblock_section av-1mlktf-3448a603376663b0ab5ce529eeb60e83'  itemscope=\"itemscope\" itemtype=\"https:\/\/schema.org\/CreativeWork\" ><div class='avia_textblock'  itemprop=\"text\" ><h1>Psychotherapie f\u00fcr Erwachsene<\/h1>\n<\/div><\/section><br \/>\n\n<style type=\"text\/css\" data-created_by=\"avia_inline_auto\" id=\"style-css-av-585ir-2c86083b4ed14c2e3a9376eac39b8ef4\">\n#top .hr.av-585ir-2c86083b4ed14c2e3a9376eac39b8ef4{\nmargin-top:20px;\nmargin-bottom:20px;\n}\n.hr.av-585ir-2c86083b4ed14c2e3a9376eac39b8ef4 .hr-inner{\nwidth:50px;\n}\n<\/style>\n<div  class='hr av-585ir-2c86083b4ed14c2e3a9376eac39b8ef4 hr-custom  avia-builder-el-15  el_after_av_textblock  el_before_av_image  hr-center hr-icon-no'><span class='hr-inner inner-border-av-border-none'><span class=\"hr-inner-style\"><\/span><\/span><\/div><br \/>\n\n<style type=\"text\/css\" data-created_by=\"avia_inline_auto\" id=\"style-css-av-19b3ib-278076bfbd616f5ad5f8237a2012ab55\">\n.avia-image-container.av-19b3ib-278076bfbd616f5ad5f8237a2012ab55 .av-image-caption-overlay-center{\ncolor:#ffffff;\n}\n<\/style>\n<div  class='avia-image-container av-19b3ib-278076bfbd616f5ad5f8237a2012ab55 av-styling- avia-align-center  avia-builder-el-16  el_after_av_hr  el_before_av_hr '  itemprop=\"image\" itemscope=\"itemscope\" itemtype=\"https:\/\/schema.org\/ImageObject\" ><div class=\"avia-image-container-inner\"><div class=\"avia-image-overlay-wrap\"><img decoding=\"async\" class='wp-image-811 avia-img-lazy-loading-not-811 avia_image' src=\"https:\/\/psychotherapie-oberland.ch\/wp-content\/uploads\/IMG_0373_1000.jpg\" alt='' title='Psychotherapie f\u00fcr Erwachsene'  height=\"750\" width=\"1000\"  itemprop=\"thumbnailUrl\" srcset=\"https:\/\/psychotherapie-oberland.ch\/wp-content\/uploads\/IMG_0373_1000.jpg 1000w, https:\/\/psychotherapie-oberland.ch\/wp-content\/uploads\/IMG_0373_1000-300x225.jpg 300w, https:\/\/psychotherapie-oberland.ch\/wp-content\/uploads\/IMG_0373_1000-768x576.jpg 768w, https:\/\/psychotherapie-oberland.ch\/wp-content\/uploads\/IMG_0373_1000-705x529.jpg 705w\" sizes=\"(max-width: 1000px) 100vw, 1000px\" \/><\/div><\/div><\/div><br \/>\n\n<style type=\"text\/css\" data-created_by=\"avia_inline_auto\" id=\"style-css-av-12nktn-883b6cf2d2e119e4f0f56ccce8376a73\">\n#top .hr.av-12nktn-883b6cf2d2e119e4f0f56ccce8376a73{\nmargin-top:20px;\nmargin-bottom:20px;\n}\n.hr.av-12nktn-883b6cf2d2e119e4f0f56ccce8376a73 .hr-inner{\nwidth:50px;\n}\n<\/style>\n<div  class='hr av-12nktn-883b6cf2d2e119e4f0f56ccce8376a73 hr-custom  avia-builder-el-17  el_after_av_image  el_before_av_textblock  hr-center hr-icon-no'><span class='hr-inner inner-border-av-border-none'><span class=\"hr-inner-style\"><\/span><\/span><\/div><br \/>\n<section  class='av_textblock_section av-xgoff-2a4e5f468a03fd1bc3bcb678692c3716'  itemscope=\"itemscope\" itemtype=\"https:\/\/schema.org\/CreativeWork\" ><div class='avia_textblock'  itemprop=\"text\" ><p><strong>Anmeldung<\/strong><\/p>\n<p>Bei Interesse kontaktieren Sie uns via Email.<br \/>\nSimone Venetz &#8211; <a href=\"mailto:simone.venetz@psychologie.ch\" target=\"_blank\" rel=\"noopener\">simone.venetz@psychologie.ch<\/a><br \/>\nFabienne Steffen &#8211; <a href=\"mailto:fabienne.steffen@psychologie.ch\" target=\"_blank\" rel=\"noopener\">fabienne.steffen@psychologie.ch<\/a><\/p>\n<\/div><\/section><br \/>\n\n<style type=\"text\/css\" data-created_by=\"avia_inline_auto\" id=\"style-css-av-rid5f-9fe6af19d4b7a6dce9b692e188888d08\">\n#top .hr.av-rid5f-9fe6af19d4b7a6dce9b692e188888d08{\nmargin-top:20px;\nmargin-bottom:20px;\n}\n.hr.av-rid5f-9fe6af19d4b7a6dce9b692e188888d08 .hr-inner{\nwidth:50px;\n}\n<\/style>\n<div  class='hr av-rid5f-9fe6af19d4b7a6dce9b692e188888d08 hr-custom  avia-builder-el-19  el_after_av_textblock  el_before_av_textblock  hr-center hr-icon-no'><span class='hr-inner inner-border-av-border-none'><span class=\"hr-inner-style\"><\/span><\/span><\/div><br \/>\n<section  class='av_textblock_section av-n7cwj-16747e50a04ec9e87bf2aecc66733ddd'  itemscope=\"itemscope\" itemtype=\"https:\/\/schema.org\/CreativeWork\" ><div class='avia_textblock'  itemprop=\"text\" ><p><strong>Psychotherapie im Erwachsenenbereich<\/strong><br \/>\nIn der Psychotherapie f\u00fcr Erwachsene besprechen wir im Erstgespr\u00e4ch Ihr Anliegen und kl\u00e4ren gemeinsam, ob wir daf\u00fcr die richtigen Ansprechpersonen sind. Wir vereinbaren ein Vorgehen, das zu Ihrem Anliegen passt. Die Behandlung umfasst neben dem therapeutischen Gespr\u00e4ch Elemente aus verschiedenen Behandlungsans\u00e4tzen sowie diagnostische Abkl\u00e4rungen.<\/p>\n<\/div><\/section><br \/>\n\n<style type=\"text\/css\" data-created_by=\"avia_inline_auto\" id=\"style-css-av-ebhgz-505d685b6f3aa0dbf3ae62cb202ff348\">\n#top .hr.av-ebhgz-505d685b6f3aa0dbf3ae62cb202ff348{\nmargin-top:20px;\nmargin-bottom:20px;\n}\n.hr.av-ebhgz-505d685b6f3aa0dbf3ae62cb202ff348 .hr-inner{\nwidth:50px;\n}\n<\/style>\n<div  class='hr av-ebhgz-505d685b6f3aa0dbf3ae62cb202ff348 hr-custom  avia-builder-el-21  el_after_av_textblock  el_before_av_textblock  hr-center hr-icon-no'><span class='hr-inner inner-border-av-border-none'><span class=\"hr-inner-style\"><\/span><\/span><\/div><br \/>\n<section  class='av_textblock_section av-7mvfn-464564140f291d821f34e8398436855f'  itemscope=\"itemscope\" itemtype=\"https:\/\/schema.org\/CreativeWork\" ><div class='avia_textblock'  itemprop=\"text\" ><p><strong>H\u00e4ufige Themen in der Psychotherapie im Erwachsenenbereich sind:<\/strong><\/p>\n<ul>\n<li>Depressive Symptome wie z.B. Gef\u00fchle von Traurigkeit, Verlust von Freude und Interessen, Antriebslosigkeit, Gedankenkreisen etc.<\/li>\n<li>\u00c4ngste und Panikattacken<\/li>\n<li>Schlafprobleme<\/li>\n<li>Stress und \u00dcberforderung, Burn-Out<\/li>\n<li>Belastende Lebensereignisse, Lebenskrisen (z.B. Trennung, Todesf\u00e4lle, Arbeitslosigkeit)<\/li>\n<li>Traumatische Erfahrungen (nach k\u00f6rperlicher, psychischer, sexueller Gewalt und Unf\u00e4llen)<\/li>\n<li>Selbstwertprobleme<\/li>\n<li>Beziehungsprobleme<\/li>\n<li>Psychosomatische Beschwerden<\/li>\n<li>\u2026<\/li>\n<\/ul>\n<\/div><\/section><\/p><\/div><\/p>\n","protected":false},"excerpt":{"rendered":"","protected":false},"author":4,"featured_media":0,"parent":0,"menu_order":3,"comment_status":"closed","ping_status":"closed","template":"","meta":{"footnotes":""},"class_list":["post-483","page","type-page","status-publish","hentry"],"yoast_head":"<!-- This site is optimized with the Yoast SEO plugin v27.5 - https:\/\/yoast.com\/product\/yoast-seo-wordpress\/ -->\n<title>Psychotherapie f\u00fcr Erwachsene - Psychotherapie Oberland<\/title>\n<meta name=\"description\" content=\"In der Psychotherapie f\u00fcr Erwachsene besprechen wir im Erstgespr\u00e4ch Ihr Anliegen und vereinbaren gemeinsam ein Vorgehen, das zu Ihrem Anliegen passt\" \/>\n<meta name=\"robots\" content=\"index, follow, max-snippet:-1, max-image-preview:large, max-video-preview:-1\" \/>\n<link rel=\"canonical\" href=\"https:\/\/psychotherapie-oberland.ch\/?page_id=483\" \/>\n<meta property=\"og:locale\" content=\"de_DE\" \/>\n<meta property=\"og:type\" content=\"article\" \/>\n<meta property=\"og:title\" content=\"Psychotherapie f\u00fcr Erwachsene - Psychotherapie Oberland\" \/>\n<meta property=\"og:description\" content=\"In der Psychotherapie f\u00fcr Erwachsene besprechen wir im Erstgespr\u00e4ch Ihr Anliegen und vereinbaren gemeinsam ein Vorgehen, das zu Ihrem Anliegen passt\" \/>\n<meta property=\"og:url\" content=\"https:\/\/psychotherapie-oberland.ch\/?page_id=483\" \/>\n<meta property=\"og:site_name\" content=\"Psychotherapie Oberland\" \/>\n<meta property=\"article:modified_time\" content=\"2026-03-14T15:42:02+00:00\" \/>\n<meta name=\"twitter:card\" content=\"summary_large_image\" \/>\n<meta name=\"twitter:label1\" content=\"Gesch\u00e4tzte Lesezeit\" \/>\n\t<meta name=\"twitter:data1\" content=\"6\u00a0Minuten\" \/>\n<script type=\"application\/ld+json\" class=\"yoast-schema-graph\">{\"@context\":\"https:\\\/\\\/schema.org\",\"@graph\":[{\"@type\":\"WebPage\",\"@id\":\"https:\\\/\\\/psychotherapie-oberland.ch\\\/?page_id=483\",\"url\":\"https:\\\/\\\/psychotherapie-oberland.ch\\\/?page_id=483\",\"name\":\"Psychotherapie f\u00fcr Erwachsene - Psychotherapie Oberland\",\"isPartOf\":{\"@id\":\"https:\\\/\\\/psychotherapie-oberland.ch\\\/#website\"},\"datePublished\":\"2022-05-20T11:25:50+00:00\",\"dateModified\":\"2026-03-14T15:42:02+00:00\",\"description\":\"In der Psychotherapie f\u00fcr Erwachsene besprechen wir im Erstgespr\u00e4ch Ihr Anliegen und vereinbaren gemeinsam ein Vorgehen, das zu Ihrem Anliegen passt\",\"breadcrumb\":{\"@id\":\"https:\\\/\\\/psychotherapie-oberland.ch\\\/?page_id=483#breadcrumb\"},\"inLanguage\":\"de-CH\",\"potentialAction\":[{\"@type\":\"ReadAction\",\"target\":[\"https:\\\/\\\/psychotherapie-oberland.ch\\\/?page_id=483\"]}]},{\"@type\":\"BreadcrumbList\",\"@id\":\"https:\\\/\\\/psychotherapie-oberland.ch\\\/?page_id=483#breadcrumb\",\"itemListElement\":[{\"@type\":\"ListItem\",\"position\":1,\"name\":\"Startseite\",\"item\":\"https:\\\/\\\/psychotherapie-oberland.ch\\\/?page_id=24\"},{\"@type\":\"ListItem\",\"position\":2,\"name\":\"Psychotherapie f\u00fcr Erwachsene\"}]},{\"@type\":\"WebSite\",\"@id\":\"https:\\\/\\\/psychotherapie-oberland.ch\\\/#website\",\"url\":\"https:\\\/\\\/psychotherapie-oberland.ch\\\/\",\"name\":\"Psychotherapie Oberland\",\"description\":\"Psychtherapie f\u00fcr Jugendliche und Erwachsene sowie pferdegest\u00fctzte Psychtherapie\",\"potentialAction\":[{\"@type\":\"SearchAction\",\"target\":{\"@type\":\"EntryPoint\",\"urlTemplate\":\"https:\\\/\\\/psychotherapie-oberland.ch\\\/?s={search_term_string}\"},\"query-input\":{\"@type\":\"PropertyValueSpecification\",\"valueRequired\":true,\"valueName\":\"search_term_string\"}}],\"inLanguage\":\"de-CH\"}]}<\/script>\n<!-- \/ Yoast SEO plugin. -->","yoast_head_json":{"title":"Psychotherapie f\u00fcr Erwachsene - Psychotherapie Oberland","description":"In der Psychotherapie f\u00fcr Erwachsene besprechen wir im Erstgespr\u00e4ch Ihr Anliegen und vereinbaren gemeinsam ein Vorgehen, das zu Ihrem Anliegen passt","robots":{"index":"index","follow":"follow","max-snippet":"max-snippet:-1","max-image-preview":"max-image-preview:large","max-video-preview":"max-video-preview:-1"},"canonical":"https:\/\/psychotherapie-oberland.ch\/?page_id=483","og_locale":"de_DE","og_type":"article","og_title":"Psychotherapie f\u00fcr Erwachsene - Psychotherapie Oberland","og_description":"In der Psychotherapie f\u00fcr Erwachsene besprechen wir im Erstgespr\u00e4ch Ihr Anliegen und vereinbaren gemeinsam ein Vorgehen, das zu Ihrem Anliegen passt","og_url":"https:\/\/psychotherapie-oberland.ch\/?page_id=483","og_site_name":"Psychotherapie Oberland","article_modified_time":"2026-03-14T15:42:02+00:00","twitter_card":"summary_large_image","twitter_misc":{"Gesch\u00e4tzte Lesezeit":"6\u00a0Minuten"},"schema":{"@context":"https:\/\/schema.org","@graph":[{"@type":"WebPage","@id":"https:\/\/psychotherapie-oberland.ch\/?page_id=483","url":"https:\/\/psychotherapie-oberland.ch\/?page_id=483","name":"Psychotherapie f\u00fcr Erwachsene - Psychotherapie Oberland","isPartOf":{"@id":"https:\/\/psychotherapie-oberland.ch\/#website"},"datePublished":"2022-05-20T11:25:50+00:00","dateModified":"2026-03-14T15:42:02+00:00","description":"In der Psychotherapie f\u00fcr Erwachsene besprechen wir im Erstgespr\u00e4ch Ihr Anliegen und vereinbaren gemeinsam ein Vorgehen, das zu Ihrem Anliegen passt","breadcrumb":{"@id":"https:\/\/psychotherapie-oberland.ch\/?page_id=483#breadcrumb"},"inLanguage":"de-CH","potentialAction":[{"@type":"ReadAction","target":["https:\/\/psychotherapie-oberland.ch\/?page_id=483"]}]},{"@type":"BreadcrumbList","@id":"https:\/\/psychotherapie-oberland.ch\/?page_id=483#breadcrumb","itemListElement":[{"@type":"ListItem","position":1,"name":"Startseite","item":"https:\/\/psychotherapie-oberland.ch\/?page_id=24"},{"@type":"ListItem","position":2,"name":"Psychotherapie f\u00fcr Erwachsene"}]},{"@type":"WebSite","@id":"https:\/\/psychotherapie-oberland.ch\/#website","url":"https:\/\/psychotherapie-oberland.ch\/","name":"Psychotherapie Oberland","description":"Psychtherapie f\u00fcr Jugendliche und Erwachsene sowie pferdegest\u00fctzte Psychtherapie","potentialAction":[{"@type":"SearchAction","target":{"@type":"EntryPoint","urlTemplate":"https:\/\/psychotherapie-oberland.ch\/?s={search_term_string}"},"query-input":{"@type":"PropertyValueSpecification","valueRequired":true,"valueName":"search_term_string"}}],"inLanguage":"de-CH"}]}},"_links":{"self":[{"href":"https:\/\/psychotherapie-oberland.ch\/index.php?rest_route=\/wp\/v2\/pages\/483","targetHints":{"allow":["GET"]}}],"collection":[{"href":"https:\/\/psychotherapie-oberland.ch\/index.php?rest_route=\/wp\/v2\/pages"}],"about":[{"href":"https:\/\/psychotherapie-oberland.ch\/index.php?rest_route=\/wp\/v2\/types\/page"}],"author":[{"embeddable":true,"href":"https:\/\/psychotherapie-oberland.ch\/index.php?rest_route=\/wp\/v2\/users\/4"}],"replies":[{"embeddable":true,"href":"https:\/\/psychotherapie-oberland.ch\/index.php?rest_route=%2Fwp%2Fv2%2Fcomments&post=483"}],"version-history":[{"count":7,"href":"https:\/\/psychotherapie-oberland.ch\/index.php?rest_route=\/wp\/v2\/pages\/483\/revisions"}],"predecessor-version":[{"id":908,"href":"https:\/\/psychotherapie-oberland.ch\/index.php?rest_route=\/wp\/v2\/pages\/483\/revisions\/908"}],"wp:attachment":[{"href":"https:\/\/psychotherapie-oberland.ch\/index.php?rest_route=%2Fwp%2Fv2%2Fmedia&parent=483"}],"curies":[{"name":"wp","href":"https:\/\/api.w.org\/{rel}","templated":true}]}}