{"id":485,"date":"2022-05-20T13:27:41","date_gmt":"2022-05-20T11:27:41","guid":{"rendered":"https:\/\/psychotherapie-oberland.ch\/?page_id=485"},"modified":"2026-03-14T16:43:29","modified_gmt":"2026-03-14T15:43:29","slug":"pferdegestuetzte-psychotherapie","status":"publish","type":"page","link":"https:\/\/psychotherapie-oberland.ch\/?page_id=485","title":{"rendered":"Pferdegest\u00fctzte Psychotherapie"},"content":{"rendered":"\n<style type=\"text\/css\" data-created_by=\"avia_inline_auto\" id=\"style-css-av-141wil-6e6efa6840231a85cf4366f1fb1afbdd\">\n.avia-section.av-141wil-6e6efa6840231a85cf4366f1fb1afbdd{\nbackground-color:#ffffff;\nbackground:linear-gradient( to bottom, #ffffff, #ffffff, #ededed );\nposition:relative;\n}\n.avia-section.av-141wil-6e6efa6840231a85cf4366f1fb1afbdd .avia-divider-svg-bottom svg{\nheight:50px;\nfill:#ffffff;\n}\n<\/style>\n<div id='desktop-version'  class='avia-section av-141wil-6e6efa6840231a85cf4366f1fb1afbdd main_color avia-section-default avia-no-border-styling  avia-builder-el-0  el_before_av_section  avia-builder-el-first  av-small-hide av-mini-hide avia-bg-style-scroll container_wrap fullsize'  ><div class='avia-divider-svg avia-divider-svg-tilt avia-divider-svg-bottom avia-svg-original'><svg xmlns=\"http:\/\/www.w3.org\/2000\/svg\" viewBox=\"0 0 1000 100\" preserveAspectRatio=\"none\">\n\t<path d=\"M0,6V0h1000v100L0,6z\"\/>\n<\/svg><\/div><div class='container av-section-cont-open' ><main  role=\"main\" itemprop=\"mainContentOfPage\"  class='template-page content  av-content-full alpha units'><div class='post-entry post-entry-type-page post-entry-485'><div class='entry-content-wrapper clearfix'>\n<div class='flex_column av-91ltp-386acad18749370d59a9fab3b8d35809 av_one_half  avia-builder-el-1  el_before_av_one_half  avia-builder-el-first  first flex_column_div '   ><section  class='av_textblock_section av-l3e9bero-4a7802286ee46c8f88a2bbc666b7ea44'  itemscope=\"itemscope\" itemtype=\"https:\/\/schema.org\/CreativeWork\" ><div class='avia_textblock'  itemprop=\"text\" ><h1>Pferdegest\u00fctzte Psychotherapie<\/h1>\n<\/div><\/section><br \/>\n\n<style type=\"text\/css\" data-created_by=\"avia_inline_auto\" id=\"style-css-av-2kkogd-22d6d51687388dad1f924ed8d5371872\">\n#top .hr.av-2kkogd-22d6d51687388dad1f924ed8d5371872{\nmargin-top:20px;\nmargin-bottom:20px;\n}\n.hr.av-2kkogd-22d6d51687388dad1f924ed8d5371872 .hr-inner{\nwidth:50px;\n}\n<\/style>\n<div  class='hr av-2kkogd-22d6d51687388dad1f924ed8d5371872 hr-custom  avia-builder-el-3  el_after_av_textblock  el_before_av_textblock  hr-center hr-icon-no'><span class='hr-inner inner-border-av-border-none'><span class=\"hr-inner-style\"><\/span><\/span><\/div><br \/>\n<section  class='av_textblock_section av-8gzi5-991975301405b5898e3850a2342d8bf9'  itemscope=\"itemscope\" itemtype=\"https:\/\/schema.org\/CreativeWork\" ><div class='avia_textblock'  itemprop=\"text\" ><p><strong>Was bedeutet pferdegest\u00fctzte Psychotherapie?<\/strong><\/p>\n<p>In der pferdegest\u00fctzten Psychotherapie stehen die Beziehungsgestaltung und der Kontakt zum Tier stets im Zentrum. Der Therapeut \u00fcbernimmt die Aufgabe, die Begegnung zwischen dem Klienten und dem Pferd zu erm\u00f6glichen. Das Pferd wirkt einerseits als Motivationstr\u00e4ger f\u00fcr die Therapie und andererseits als Eisbrecher, falls es einer Person schwer f\u00e4llt, sich gegen\u00fcber dem Therapeuten zu \u00f6ffnen.<\/p>\n<p>Pferde sind Flucht- und Herdentiere und reagieren sehr sensibel auf Aussenreize. Im Umgang mit ihnen zeigt sich das dadurch, dass sie auf Signale, die wir bewusst oder unbewusst aussenden, reagieren, wie z.B. auf unsere K\u00f6rpersprache, unsere Stimmung oder unser Verhalten. Sie reagieren unmittelbar und authentisch darauf, ohne zu werten. Diese Eigenschaften werden in der pferdegest\u00fctzten Psychotherapie in einem sicheren Rahmen genutzt, um an den eigenen Themen zu arbeiten.<\/p>\n<p>In der therapeutischen Arbeit mit dem Pferd erh\u00e4lt man die M\u00f6glichkeit, mehr \u00fcber sich zu erfahren und einen Zugang zu sich selbst zu finden. Indiziert ist die pferdegest\u00fctzte Psychotherapie, wenn es darum geht die K\u00f6rperwahrnehmung zu verbessern, ein positives K\u00f6rperbild zu entwickeln, k\u00f6rperliche und emotionale N\u00e4he zu einem Lebewesen zu erleben, pr\u00e4senter zu werden im Hier-und-Jetzt, den Selbstwert zu steigern, Selbstwirksamkeit zu erleben, Ressourcen zu aktivieren, einen Umgang mit den eigenen \u00c4ngsten zu finden, loszulassen und zu entspannen.<\/p>\n<p>Der Kontakt zum Pferd wirkt stimmungsaufhellend und beruhigend.<\/p>\n<\/div><\/section><br \/>\n\n<style type=\"text\/css\" data-created_by=\"avia_inline_auto\" id=\"style-css-av-l3r386no-3c56701864cf25e3bed80f49b7bbd7af\">\n#top .hr.av-l3r386no-3c56701864cf25e3bed80f49b7bbd7af{\nmargin-top:20px;\nmargin-bottom:20px;\n}\n.hr.av-l3r386no-3c56701864cf25e3bed80f49b7bbd7af .hr-inner{\nwidth:50px;\n}\n<\/style>\n<div  class='hr av-l3r386no-3c56701864cf25e3bed80f49b7bbd7af hr-custom  avia-builder-el-5  el_after_av_textblock  el_before_av_textblock  hr-center hr-icon-no'><span class='hr-inner inner-border-av-border-none'><span class=\"hr-inner-style\"><\/span><\/span><\/div><br \/>\n<section  class='av_textblock_section av-l3r36llu-8e311266338286ac4a3ef37f0ec35672'  itemscope=\"itemscope\" itemtype=\"https:\/\/schema.org\/CreativeWork\" ><div class='avia_textblock'  itemprop=\"text\" ><p><strong>H\u00e4ufige Themen in der pferdegest\u00fctzten Psychotherapie sind:<\/strong><\/p>\n<ul>\n<li>Depressive Symptome wie z.B. Gef\u00fchle von Traurigkeit, Verlust von Freude und Interessen, Antriebslosigkeit, Gedankenkreisen etc.<\/li>\n<li>\u00c4ngste und Panikattacken<\/li>\n<li>Stress und \u00dcberforderung, Burn-Out<\/li>\n<li>Traumatische Erfahrungen (nach k\u00f6rperlicher, psychischer, sexueller Gewalt und Unf\u00e4llen)<\/li>\n<li>Selbstwertprobleme<\/li>\n<li>Beziehungsprobleme<\/li>\n<li>Psychosomatische Beschwerden<\/li>\n<li>Essst\u00f6rungen<\/li>\n<li>Pers\u00f6nlichkeitsst\u00f6rungen wie z.B. eine Borderline-Pers\u00f6nlichkeitsst\u00f6rung<\/li>\n<li>Entwicklungsverz\u00f6gerungen (sozial, emotional, psychomotorisch)<\/li>\n<li>Verhaltensauff\u00e4lligkeiten<\/li>\n<li>Aufmerksamkeits- und Konzentrationsschwierigkeiten<\/li>\n<li>Autismus-Spektrum-St\u00f6rungen<\/li>\n<\/ul>\n<\/div><\/section><br \/>\n\n<style type=\"text\/css\" data-created_by=\"avia_inline_auto\" id=\"style-css-av-9o0x9-7a09a1f59c44db92f42a902c78d60fcb\">\n#top .hr.av-9o0x9-7a09a1f59c44db92f42a902c78d60fcb{\nmargin-top:20px;\nmargin-bottom:20px;\n}\n.hr.av-9o0x9-7a09a1f59c44db92f42a902c78d60fcb .hr-inner{\nwidth:50px;\n}\n<\/style>\n<div  class='hr av-9o0x9-7a09a1f59c44db92f42a902c78d60fcb hr-custom  avia-builder-el-7  el_after_av_textblock  avia-builder-el-last  hr-center hr-icon-no'><span class='hr-inner inner-border-av-border-none'><span class=\"hr-inner-style\"><\/span><\/span><\/div><\/p><\/div><div class='flex_column av-2v9xh-796724cd607094a56e6e58c514195cb8 av_one_half  avia-builder-el-8  el_after_av_one_half  avia-builder-el-last  flex_column_div '   ><p><div  class='avia-slideshow av-l3r2x430-863dc3b480abc90fb580e291a802c107 av-control-minimal avia-slideshow-masonry av_slideshow avia-fade-slider  avia-builder-el-9  el_before_av_hr  avia-builder-el-first  av-default-height-applied avia-slideshow-1'  data-size='masonry'  data-lightbox_size='large'  data-animation='fade'  data-conditional_play=''  data-ids='774,771,773,772'  data-video_counter='0'  data-autoplay='true'  data-bg_slider='false'  data-slide_height=''  data-handle='av_slideshow'  data-interval='5'  data-class=' avia-builder-el-9  el_before_av_hr  avia-builder-el-first '  data-extra_class=''  data-el_id=''  data-css_id=''  data-scroll_down=''  data-control_layout='av-control-minimal'  data-custom_markup=''  data-perma_caption=''  data-autoplay_stopper=''  data-image_attachment=''  data-min_height='0px'  data-lazy_loading='disabled'  data-default-height='66.808510638298'  data-img_scrset=''  data-av-desktop-hide=''  data-av-medium-hide=''  data-av-small-hide=''  data-av-mini-hide=''  data-alb_description=''  data-id=''  data-custom_class=''  data-template_class=''  data-av_uid='av-l3r2x430'  data-sc_version='1.0'  data-heading_tag=''  data-heading_class=''   itemprop=\"image\" itemscope=\"itemscope\" itemtype=\"https:\/\/schema.org\/ImageObject\" ><ul class='avia-slideshow-inner ' style='padding-bottom: 66.808510638298%;'><li  class='avia-slideshow-slide av-l3r2x430-863dc3b480abc90fb580e291a802c107__0  slide-1 ' ><div data-rel='slideshow-1' class='avia-slide-wrap '   ><img decoding=\"async\" class=\"wp-image-774 avia-img-lazy-loading-not-774\"  src=\"https:\/\/psychotherapie-oberland.ch\/wp-content\/uploads\/IMG_9935_768-1-705x471.jpg\" width=\"705\" height=\"471\" title='Pferdegest\u00fctzte Psychotherapie in der Natur' alt=''  itemprop=\"thumbnailUrl\" srcset=\"https:\/\/psychotherapie-oberland.ch\/wp-content\/uploads\/IMG_9935_768-1-705x471.jpg 705w, https:\/\/psychotherapie-oberland.ch\/wp-content\/uploads\/IMG_9935_768-1-300x200.jpg 300w, https:\/\/psychotherapie-oberland.ch\/wp-content\/uploads\/IMG_9935_768-1.jpg 768w\" sizes=\"(max-width: 705px) 100vw, 705px\" \/><\/div><\/li><li  class='avia-slideshow-slide av-l3r2x430-863dc3b480abc90fb580e291a802c107__1  slide-2 ' ><div data-rel='slideshow-1' class='avia-slide-wrap '   ><img decoding=\"async\" class=\"wp-image-771 avia-img-lazy-loading-not-771\"  src=\"https:\/\/psychotherapie-oberland.ch\/wp-content\/uploads\/IMG_9974_768-1-705x471.jpg\" width=\"705\" height=\"471\" title='Pferdegest\u00fctzte Psychotherapie k\u00f6rperliche und emotionale N\u00e4he' alt=''  itemprop=\"thumbnailUrl\" srcset=\"https:\/\/psychotherapie-oberland.ch\/wp-content\/uploads\/IMG_9974_768-1-705x471.jpg 705w, https:\/\/psychotherapie-oberland.ch\/wp-content\/uploads\/IMG_9974_768-1-300x200.jpg 300w, https:\/\/psychotherapie-oberland.ch\/wp-content\/uploads\/IMG_9974_768-1.jpg 768w\" sizes=\"(max-width: 705px) 100vw, 705px\" \/><\/div><\/li><li  class='avia-slideshow-slide av-l3r2x430-863dc3b480abc90fb580e291a802c107__2  slide-3 ' ><div data-rel='slideshow-1' class='avia-slide-wrap '   ><img decoding=\"async\" class=\"wp-image-773 avia-img-lazy-loading-not-773\"  src=\"https:\/\/psychotherapie-oberland.ch\/wp-content\/uploads\/IMG_9897_768-1-705x471.jpg\" width=\"705\" height=\"471\" title='Pferdegest\u00fctzte Psychotherapie f\u00fcr Erwachsene und Jugendliche' alt=''  itemprop=\"thumbnailUrl\" srcset=\"https:\/\/psychotherapie-oberland.ch\/wp-content\/uploads\/IMG_9897_768-1-705x471.jpg 705w, https:\/\/psychotherapie-oberland.ch\/wp-content\/uploads\/IMG_9897_768-1-300x200.jpg 300w, https:\/\/psychotherapie-oberland.ch\/wp-content\/uploads\/IMG_9897_768-1.jpg 768w\" sizes=\"(max-width: 705px) 100vw, 705px\" \/><\/div><\/li><li  class='avia-slideshow-slide av-l3r2x430-863dc3b480abc90fb580e291a802c107__3  slide-4 ' ><div data-rel='slideshow-1' class='avia-slide-wrap '   ><img decoding=\"async\" class=\"wp-image-772 avia-img-lazy-loading-not-772\"  src=\"https:\/\/psychotherapie-oberland.ch\/wp-content\/uploads\/IMG_9808_768-1-705x471.jpg\" width=\"705\" height=\"471\" title='Pferdegest\u00fctzte Psychotherapie Arbeiten mit dem Pferd' alt=''  itemprop=\"thumbnailUrl\" srcset=\"https:\/\/psychotherapie-oberland.ch\/wp-content\/uploads\/IMG_9808_768-1-705x471.jpg 705w, https:\/\/psychotherapie-oberland.ch\/wp-content\/uploads\/IMG_9808_768-1-300x200.jpg 300w, https:\/\/psychotherapie-oberland.ch\/wp-content\/uploads\/IMG_9808_768-1.jpg 768w\" sizes=\"(max-width: 705px) 100vw, 705px\" \/><\/div><\/li><\/ul><div class='avia-slideshow-arrows avia-slideshow-controls' ><a href='#prev' class='prev-slide ' aria-hidden='true' data-av_icon='\ue87c' data-av_iconfont='entypo-fontello'  tabindex='-1'>Zur\u00fcck<\/a><a href='#next' class='next-slide ' aria-hidden='true' data-av_icon='\ue87d' data-av_iconfont='entypo-fontello'  tabindex='-1'>Weiter<\/a><\/div><div class='avia-slideshow-dots avia-slideshow-controls'><a href='#1' class='goto-slide active' >1<\/a><a href='#2' class='goto-slide ' >2<\/a><a href='#3' class='goto-slide ' >3<\/a><a href='#4' class='goto-slide ' >4<\/a><\/div><\/div><br \/>\n\n<style type=\"text\/css\" data-created_by=\"avia_inline_auto\" id=\"style-css-av-xpc5-c8217bc392366c9c2fd3efdc820a7904\">\n#top .hr.av-xpc5-c8217bc392366c9c2fd3efdc820a7904{\nmargin-top:20px;\nmargin-bottom:20px;\n}\n.hr.av-xpc5-c8217bc392366c9c2fd3efdc820a7904 .hr-inner{\nwidth:50px;\n}\n<\/style>\n<div  class='hr av-xpc5-c8217bc392366c9c2fd3efdc820a7904 hr-custom  avia-builder-el-10  el_after_av_slideshow  el_before_av_textblock  hr-center hr-icon-no'><span class='hr-inner inner-border-av-border-none'><span class=\"hr-inner-style\"><\/span><\/span><\/div><br \/>\n<section  class='av_textblock_section av-l3r36t1v-3a6748c09b54e3dbdd28a88a6b24e7a4'  itemscope=\"itemscope\" itemtype=\"https:\/\/schema.org\/CreativeWork\" ><div class='avia_textblock'  itemprop=\"text\" ><p><strong>Anmeldung<\/strong><\/p>\n<p>Bei Interesse an pferdegest\u00fctzter Psychotherapie kontaktieren Sie Simone Venetz per Email (<a href=\"mailto:simone.venetz@psychologie.ch\" target=\"_blank\" rel=\"noopener\">simone.venetz@psychologie.ch<\/a>). Weitere Informationen finden Sie auf der Webseite <a href=\"http:\/\/www.psychotherapie-venetz.ch\/\">www.psychotherapie-venetz.ch<\/a>.<\/p>\n<\/div><\/section><\/p><\/div><\/div><\/div><\/main><!-- close content main element --><\/div><\/div>\n<style type=\"text\/css\" data-created_by=\"avia_inline_auto\" id=\"style-css-av-l3r45b0k-7754a797b73a589a081161518ebafe4e\">\n.avia-section.av-l3r45b0k-7754a797b73a589a081161518ebafe4e{\nbackground-color:#ffffff;\nbackground:linear-gradient( to bottom, #ffffff, #ffffff, #ededed );\nposition:relative;\n}\n.avia-section.av-l3r45b0k-7754a797b73a589a081161518ebafe4e .avia-divider-svg-bottom svg{\nheight:50px;\nfill:#ffffff;\n}\n<\/style>\n<div id='mobile-version'  class='avia-section av-l3r45b0k-7754a797b73a589a081161518ebafe4e main_color avia-section-default avia-no-border-styling  avia-builder-el-12  el_after_av_section  avia-builder-el-last  av-desktop-hide av-medium-hide avia-bg-style-scroll container_wrap fullsize'  ><div class='avia-divider-svg avia-divider-svg-tilt avia-divider-svg-bottom avia-svg-original'><svg xmlns=\"http:\/\/www.w3.org\/2000\/svg\" viewBox=\"0 0 1000 100\" preserveAspectRatio=\"none\">\n\t<path d=\"M0,6V0h1000v100L0,6z\"\/>\n<\/svg><\/div><div class='container av-section-cont-open' ><div class='template-page content  av-content-full alpha units'><div class='post-entry post-entry-type-page post-entry-485'><div class='entry-content-wrapper clearfix'>\n<div class='flex_column av-2ekh9x-15f0b1da2a1c60f6f726a34ec4cbb5a6 av_one_half  avia-builder-el-13  avia-builder-el-no-sibling  first flex_column_div '   ><section  class='av_textblock_section av-269i5p-3ac59069a9b55bd45997bf666530ea2f'  itemscope=\"itemscope\" itemtype=\"https:\/\/schema.org\/CreativeWork\" ><div class='avia_textblock'  itemprop=\"text\" ><h1>Pferdegest\u00fctzte Psychotherapie<\/h1>\n<\/div><\/section><br \/>\n\n<style type=\"text\/css\" data-created_by=\"avia_inline_auto\" id=\"style-css-av-7a0h1-c261f641d95b81ef23fb1a2ea01b5e13\">\n#top .hr.av-7a0h1-c261f641d95b81ef23fb1a2ea01b5e13{\nmargin-top:20px;\nmargin-bottom:20px;\n}\n.hr.av-7a0h1-c261f641d95b81ef23fb1a2ea01b5e13 .hr-inner{\nwidth:50px;\n}\n<\/style>\n<div  class='hr av-7a0h1-c261f641d95b81ef23fb1a2ea01b5e13 hr-custom  avia-builder-el-15  el_after_av_textblock  el_before_av_slideshow  hr-center hr-icon-no'><span class='hr-inner inner-border-av-border-none'><span class=\"hr-inner-style\"><\/span><\/span><\/div><br \/>\n<div  class='avia-slideshow av-206pm5-81b10a568e6966e581f2893e823228f7 av-control-minimal avia-slideshow-masonry av_slideshow avia-fade-slider  avia-builder-el-16  el_after_av_hr  el_before_av_hr  av-default-height-applied avia-slideshow-2'  data-size='masonry'  data-lightbox_size='large'  data-animation='fade'  data-conditional_play=''  data-ids='774,771,773,772'  data-video_counter='0'  data-autoplay='true'  data-bg_slider='false'  data-slide_height=''  data-handle='av_slideshow'  data-interval='5'  data-class=' avia-builder-el-16  el_after_av_hr  el_before_av_hr '  data-extra_class=''  data-el_id=''  data-css_id=''  data-scroll_down=''  data-control_layout='av-control-minimal'  data-custom_markup=''  data-perma_caption=''  data-autoplay_stopper=''  data-image_attachment=''  data-min_height='0px'  data-lazy_loading='disabled'  data-default-height='66.808510638298'  data-img_scrset=''  data-av-desktop-hide=''  data-av-medium-hide=''  data-av-small-hide=''  data-av-mini-hide=''  data-alb_description=''  data-id=''  data-custom_class=''  data-template_class=''  data-av_uid='av-206pm5'  data-sc_version='1.0'  data-heading_tag=''  data-heading_class=''   itemprop=\"image\" itemscope=\"itemscope\" itemtype=\"https:\/\/schema.org\/ImageObject\" ><ul class='avia-slideshow-inner ' style='padding-bottom: 66.808510638298%;'><li  class='avia-slideshow-slide av-206pm5-81b10a568e6966e581f2893e823228f7__0  slide-1 ' ><div data-rel='slideshow-2' class='avia-slide-wrap '   ><img decoding=\"async\" class=\"wp-image-774 avia-img-lazy-loading-not-774\"  src=\"https:\/\/psychotherapie-oberland.ch\/wp-content\/uploads\/IMG_9935_768-1-705x471.jpg\" width=\"705\" height=\"471\" title='Pferdegest\u00fctzte Psychotherapie in der Natur' alt=''  itemprop=\"thumbnailUrl\" srcset=\"https:\/\/psychotherapie-oberland.ch\/wp-content\/uploads\/IMG_9935_768-1-705x471.jpg 705w, https:\/\/psychotherapie-oberland.ch\/wp-content\/uploads\/IMG_9935_768-1-300x200.jpg 300w, https:\/\/psychotherapie-oberland.ch\/wp-content\/uploads\/IMG_9935_768-1.jpg 768w\" sizes=\"(max-width: 705px) 100vw, 705px\" \/><\/div><\/li><li  class='avia-slideshow-slide av-206pm5-81b10a568e6966e581f2893e823228f7__1  slide-2 ' ><div data-rel='slideshow-2' class='avia-slide-wrap '   ><img decoding=\"async\" class=\"wp-image-771 avia-img-lazy-loading-not-771\"  src=\"https:\/\/psychotherapie-oberland.ch\/wp-content\/uploads\/IMG_9974_768-1-705x471.jpg\" width=\"705\" height=\"471\" title='Pferdegest\u00fctzte Psychotherapie k\u00f6rperliche und emotionale N\u00e4he' alt=''  itemprop=\"thumbnailUrl\" srcset=\"https:\/\/psychotherapie-oberland.ch\/wp-content\/uploads\/IMG_9974_768-1-705x471.jpg 705w, https:\/\/psychotherapie-oberland.ch\/wp-content\/uploads\/IMG_9974_768-1-300x200.jpg 300w, https:\/\/psychotherapie-oberland.ch\/wp-content\/uploads\/IMG_9974_768-1.jpg 768w\" sizes=\"(max-width: 705px) 100vw, 705px\" \/><\/div><\/li><li  class='avia-slideshow-slide av-206pm5-81b10a568e6966e581f2893e823228f7__2  slide-3 ' ><div data-rel='slideshow-2' class='avia-slide-wrap '   ><img decoding=\"async\" class=\"wp-image-773 avia-img-lazy-loading-not-773\"  src=\"https:\/\/psychotherapie-oberland.ch\/wp-content\/uploads\/IMG_9897_768-1-705x471.jpg\" width=\"705\" height=\"471\" title='Pferdegest\u00fctzte Psychotherapie f\u00fcr Erwachsene und Jugendliche' alt=''  itemprop=\"thumbnailUrl\" srcset=\"https:\/\/psychotherapie-oberland.ch\/wp-content\/uploads\/IMG_9897_768-1-705x471.jpg 705w, https:\/\/psychotherapie-oberland.ch\/wp-content\/uploads\/IMG_9897_768-1-300x200.jpg 300w, https:\/\/psychotherapie-oberland.ch\/wp-content\/uploads\/IMG_9897_768-1.jpg 768w\" sizes=\"(max-width: 705px) 100vw, 705px\" \/><\/div><\/li><li  class='avia-slideshow-slide av-206pm5-81b10a568e6966e581f2893e823228f7__3  slide-4 ' ><div data-rel='slideshow-2' class='avia-slide-wrap '   ><img decoding=\"async\" class=\"wp-image-772 avia-img-lazy-loading-not-772\"  src=\"https:\/\/psychotherapie-oberland.ch\/wp-content\/uploads\/IMG_9808_768-1-705x471.jpg\" width=\"705\" height=\"471\" title='Pferdegest\u00fctzte Psychotherapie Arbeiten mit dem Pferd' alt=''  itemprop=\"thumbnailUrl\" srcset=\"https:\/\/psychotherapie-oberland.ch\/wp-content\/uploads\/IMG_9808_768-1-705x471.jpg 705w, https:\/\/psychotherapie-oberland.ch\/wp-content\/uploads\/IMG_9808_768-1-300x200.jpg 300w, https:\/\/psychotherapie-oberland.ch\/wp-content\/uploads\/IMG_9808_768-1.jpg 768w\" sizes=\"(max-width: 705px) 100vw, 705px\" \/><\/div><\/li><\/ul><div class='avia-slideshow-arrows avia-slideshow-controls' ><a href='#prev' class='prev-slide ' aria-hidden='true' data-av_icon='\ue87c' data-av_iconfont='entypo-fontello'  tabindex='-1'>Zur\u00fcck<\/a><a href='#next' class='next-slide ' aria-hidden='true' data-av_icon='\ue87d' data-av_iconfont='entypo-fontello'  tabindex='-1'>Weiter<\/a><\/div><div class='avia-slideshow-dots avia-slideshow-controls'><a href='#1' class='goto-slide active' >1<\/a><a href='#2' class='goto-slide ' >2<\/a><a href='#3' class='goto-slide ' >3<\/a><a href='#4' class='goto-slide ' >4<\/a><\/div><\/div><br \/>\n\n<style type=\"text\/css\" data-created_by=\"avia_inline_auto\" id=\"style-css-av-16qiy5-fc841e0f12c37c5c5faf79bf84edb067\">\n#top .hr.av-16qiy5-fc841e0f12c37c5c5faf79bf84edb067{\nmargin-top:20px;\nmargin-bottom:20px;\n}\n.hr.av-16qiy5-fc841e0f12c37c5c5faf79bf84edb067 .hr-inner{\nwidth:50px;\n}\n<\/style>\n<div  class='hr av-16qiy5-fc841e0f12c37c5c5faf79bf84edb067 hr-custom  avia-builder-el-17  el_after_av_slideshow  el_before_av_textblock  hr-center hr-icon-no'><span class='hr-inner inner-border-av-border-none'><span class=\"hr-inner-style\"><\/span><\/span><\/div><br \/>\n<section  class='av_textblock_section av-99yr1-5c27613f12629d8d20962b5aef3ccb6c'  itemscope=\"itemscope\" itemtype=\"https:\/\/schema.org\/CreativeWork\" ><div class='avia_textblock'  itemprop=\"text\" ><p><strong>Anmeldung<\/strong><\/p>\n<p>Bei Interesse an pferdegest\u00fctzter Psychotherapie kontaktieren Sie Simone Venetz per Email (<a href=\"mailto:simone.venetz@psychologie.ch\" target=\"_blank\" rel=\"noopener\">simone.venetz@psychologie.ch<\/a>). Weitere Informationen finden Sie auf der Webseite <a href=\"http:\/\/www.psychotherapie-venetz.ch\/\">www.psychotherapie-venetz.ch<\/a>.<\/p>\n<\/div><\/section><br \/>\n\n<style type=\"text\/css\" data-created_by=\"avia_inline_auto\" id=\"style-css-av-vtjkl-e0b68c3cac7989f90edcf7cb69f906a5\">\n#top .hr.av-vtjkl-e0b68c3cac7989f90edcf7cb69f906a5{\nmargin-top:20px;\nmargin-bottom:20px;\n}\n.hr.av-vtjkl-e0b68c3cac7989f90edcf7cb69f906a5 .hr-inner{\nwidth:50px;\n}\n<\/style>\n<div  class='hr av-vtjkl-e0b68c3cac7989f90edcf7cb69f906a5 hr-custom  avia-builder-el-19  el_after_av_textblock  el_before_av_textblock  hr-center hr-icon-no'><span class='hr-inner inner-border-av-border-none'><span class=\"hr-inner-style\"><\/span><\/span><\/div><br \/>\n<section  class='av_textblock_section av-ov785-58c7e6ae0f2803683702f2c38add07bd'  itemscope=\"itemscope\" itemtype=\"https:\/\/schema.org\/CreativeWork\" ><div class='avia_textblock'  itemprop=\"text\" ><p><strong>Was bedeutet pferdegest\u00fctzte Psychotherapie?<\/strong><\/p>\n<p>In der pferdegest\u00fctzten Psychotherapie stehen die Beziehungsgestaltung und der Kontakt zum Tier stets im Zentrum. Der Therapeut \u00fcbernimmt die Aufgabe, die Begegnung zwischen dem Klienten und dem Pferd zu erm\u00f6glichen. Das Pferd wirkt einerseits als Motivationstr\u00e4ger f\u00fcr die Therapie und andererseits als Eisbrecher, falls es einer Person schwer f\u00e4llt, sich gegen\u00fcber dem Therapeuten zu \u00f6ffnen.<\/p>\n<p>Pferde sind Flucht- und Herdentiere und reagieren sehr sensibel auf Aussenreize. Im Umgang mit ihnen zeigt sich das dadurch, dass sie auf Signale, die wir bewusst oder unbewusst aussenden, reagieren, wie z.B. auf unsere K\u00f6rpersprache, unsere Stimmung oder unser Verhalten. Sie reagieren unmittelbar und authentisch darauf, ohne zu werten. Diese Eigenschaften werden in der pferdegest\u00fctzten Psychotherapie in einem sicheren Rahmen genutzt, um an den eigenen Themen zu arbeiten.<\/p>\n<p>In der therapeutischen Arbeit mit dem Pferd erh\u00e4lt man die M\u00f6glichkeit, mehr \u00fcber sich zu erfahren und einen Zugang zu sich selbst zu finden. Indiziert ist die pferdegest\u00fctzte Psychotherapie, wenn es darum geht die K\u00f6rperwahrnehmung zu verbessern, ein positives K\u00f6rperbild zu entwickeln, k\u00f6rperliche und emotionale N\u00e4he zu einem Lebewesen zu erleben, pr\u00e4senter zu werden im Hier-und-Jetzt, den Selbstwert zu steigern, Selbstwirksamkeit zu erleben, Ressourcen zu aktivieren, einen Umgang mit den eigenen \u00c4ngsten zu finden, loszulassen und zu entspannen.<\/p>\n<p>Der Kontakt zum Pferd wirkt stimmungsaufhellend und beruhigend.<\/p>\n<\/div><\/section><br \/>\n\n<style type=\"text\/css\" data-created_by=\"avia_inline_auto\" id=\"style-css-av-is5f9-d279b84e1bc62cf0782f5dbf57b035de\">\n#top .hr.av-is5f9-d279b84e1bc62cf0782f5dbf57b035de{\nmargin-top:20px;\nmargin-bottom:20px;\n}\n.hr.av-is5f9-d279b84e1bc62cf0782f5dbf57b035de .hr-inner{\nwidth:50px;\n}\n<\/style>\n<div  class='hr av-is5f9-d279b84e1bc62cf0782f5dbf57b035de hr-custom  avia-builder-el-21  el_after_av_textblock  el_before_av_textblock  hr-center hr-icon-no'><span class='hr-inner inner-border-av-border-none'><span class=\"hr-inner-style\"><\/span><\/span><\/div><br \/>\n<section  class='av_textblock_section av-dkpql-b1061ecfe692c4e60d3399290bfc9715'  itemscope=\"itemscope\" itemtype=\"https:\/\/schema.org\/CreativeWork\" ><div class='avia_textblock'  itemprop=\"text\" ><p><strong>H\u00e4ufige Themen in der pferdegest\u00fctzten Psychotherapie sind:<\/strong><\/p>\n<ul>\n<li>Depressive Symptome wie z.B. Gef\u00fchle von Traurigkeit, Verlust von Freude und Interessen, Antriebslosigkeit, Gedankenkreisen etc.<\/li>\n<li>\u00c4ngste und Panikattacken<\/li>\n<li>Stress und \u00dcberforderung, Burn-Out<\/li>\n<li>Traumatische Erfahrungen (nach k\u00f6rperlicher, psychischer, sexueller Gewalt und Unf\u00e4llen)<\/li>\n<li>Selbstwertprobleme<\/li>\n<li>Beziehungsprobleme<\/li>\n<li>Psychosomatische Beschwerden<\/li>\n<li>Essst\u00f6rungen<\/li>\n<li>Pers\u00f6nlichkeitsst\u00f6rungen wie z.B. eine Borderline-Pers\u00f6nlichkeitsst\u00f6rung<\/li>\n<li>Entwicklungsverz\u00f6gerungen (sozial, emotional, psychomotorisch)<\/li>\n<li>Verhaltensauff\u00e4lligkeiten<\/li>\n<li>Aufmerksamkeits- und Konzentrationsschwierigkeiten<\/li>\n<li>Autismus-Spektrum-St\u00f6rungen<\/li>\n<\/ul>\n<\/div><\/section><\/p><\/div><\/p>\n","protected":false},"excerpt":{"rendered":"","protected":false},"author":4,"featured_media":0,"parent":0,"menu_order":5,"comment_status":"closed","ping_status":"closed","template":"","meta":{"footnotes":""},"class_list":["post-485","page","type-page","status-publish","hentry"],"yoast_head":"<!-- This site is optimized with the Yoast SEO plugin v27.5 - https:\/\/yoast.com\/product\/yoast-seo-wordpress\/ -->\n<title>Pferdegest\u00fctzte Psychotherapie - Psychotherapie Oberland<\/title>\n<meta name=\"description\" content=\"Die pferdegest\u00fctzte Psychotherapie stellt die Beziehungsgestaltung und den Kontakt zum Tier stets in das Zentrum.\" \/>\n<meta name=\"robots\" content=\"index, follow, max-snippet:-1, max-image-preview:large, max-video-preview:-1\" \/>\n<link rel=\"canonical\" href=\"https:\/\/psychotherapie-oberland.ch\/?page_id=485\" \/>\n<meta property=\"og:locale\" content=\"de_DE\" \/>\n<meta property=\"og:type\" content=\"article\" \/>\n<meta property=\"og:title\" content=\"Pferdegest\u00fctzte Psychotherapie - Psychotherapie Oberland\" \/>\n<meta property=\"og:description\" content=\"Die pferdegest\u00fctzte Psychotherapie stellt die Beziehungsgestaltung und den Kontakt zum Tier stets in das Zentrum.\" \/>\n<meta property=\"og:url\" content=\"https:\/\/psychotherapie-oberland.ch\/?page_id=485\" \/>\n<meta property=\"og:site_name\" content=\"Psychotherapie Oberland\" \/>\n<meta property=\"article:modified_time\" content=\"2026-03-14T15:43:29+00:00\" \/>\n<meta name=\"twitter:card\" content=\"summary_large_image\" \/>\n<meta name=\"twitter:label1\" content=\"Gesch\u00e4tzte Lesezeit\" \/>\n\t<meta name=\"twitter:data1\" content=\"9\u00a0Minuten\" \/>\n<script type=\"application\/ld+json\" class=\"yoast-schema-graph\">{\"@context\":\"https:\\\/\\\/schema.org\",\"@graph\":[{\"@type\":\"WebPage\",\"@id\":\"https:\\\/\\\/psychotherapie-oberland.ch\\\/?page_id=485\",\"url\":\"https:\\\/\\\/psychotherapie-oberland.ch\\\/?page_id=485\",\"name\":\"Pferdegest\u00fctzte Psychotherapie - Psychotherapie Oberland\",\"isPartOf\":{\"@id\":\"https:\\\/\\\/psychotherapie-oberland.ch\\\/#website\"},\"datePublished\":\"2022-05-20T11:27:41+00:00\",\"dateModified\":\"2026-03-14T15:43:29+00:00\",\"description\":\"Die pferdegest\u00fctzte Psychotherapie stellt die Beziehungsgestaltung und den Kontakt zum Tier stets in das Zentrum.\",\"breadcrumb\":{\"@id\":\"https:\\\/\\\/psychotherapie-oberland.ch\\\/?page_id=485#breadcrumb\"},\"inLanguage\":\"de-CH\",\"potentialAction\":[{\"@type\":\"ReadAction\",\"target\":[\"https:\\\/\\\/psychotherapie-oberland.ch\\\/?page_id=485\"]}]},{\"@type\":\"BreadcrumbList\",\"@id\":\"https:\\\/\\\/psychotherapie-oberland.ch\\\/?page_id=485#breadcrumb\",\"itemListElement\":[{\"@type\":\"ListItem\",\"position\":1,\"name\":\"Startseite\",\"item\":\"https:\\\/\\\/psychotherapie-oberland.ch\\\/?page_id=24\"},{\"@type\":\"ListItem\",\"position\":2,\"name\":\"Pferdegest\u00fctzte Psychotherapie\"}]},{\"@type\":\"WebSite\",\"@id\":\"https:\\\/\\\/psychotherapie-oberland.ch\\\/#website\",\"url\":\"https:\\\/\\\/psychotherapie-oberland.ch\\\/\",\"name\":\"Psychotherapie Oberland\",\"description\":\"Psychtherapie f\u00fcr Jugendliche und Erwachsene sowie pferdegest\u00fctzte Psychtherapie\",\"potentialAction\":[{\"@type\":\"SearchAction\",\"target\":{\"@type\":\"EntryPoint\",\"urlTemplate\":\"https:\\\/\\\/psychotherapie-oberland.ch\\\/?s={search_term_string}\"},\"query-input\":{\"@type\":\"PropertyValueSpecification\",\"valueRequired\":true,\"valueName\":\"search_term_string\"}}],\"inLanguage\":\"de-CH\"}]}<\/script>\n<!-- \/ Yoast SEO plugin. -->","yoast_head_json":{"title":"Pferdegest\u00fctzte Psychotherapie - Psychotherapie Oberland","description":"Die pferdegest\u00fctzte Psychotherapie stellt die Beziehungsgestaltung und den Kontakt zum Tier stets in das Zentrum.","robots":{"index":"index","follow":"follow","max-snippet":"max-snippet:-1","max-image-preview":"max-image-preview:large","max-video-preview":"max-video-preview:-1"},"canonical":"https:\/\/psychotherapie-oberland.ch\/?page_id=485","og_locale":"de_DE","og_type":"article","og_title":"Pferdegest\u00fctzte Psychotherapie - Psychotherapie Oberland","og_description":"Die pferdegest\u00fctzte Psychotherapie stellt die Beziehungsgestaltung und den Kontakt zum Tier stets in das Zentrum.","og_url":"https:\/\/psychotherapie-oberland.ch\/?page_id=485","og_site_name":"Psychotherapie Oberland","article_modified_time":"2026-03-14T15:43:29+00:00","twitter_card":"summary_large_image","twitter_misc":{"Gesch\u00e4tzte Lesezeit":"9\u00a0Minuten"},"schema":{"@context":"https:\/\/schema.org","@graph":[{"@type":"WebPage","@id":"https:\/\/psychotherapie-oberland.ch\/?page_id=485","url":"https:\/\/psychotherapie-oberland.ch\/?page_id=485","name":"Pferdegest\u00fctzte Psychotherapie - Psychotherapie Oberland","isPartOf":{"@id":"https:\/\/psychotherapie-oberland.ch\/#website"},"datePublished":"2022-05-20T11:27:41+00:00","dateModified":"2026-03-14T15:43:29+00:00","description":"Die pferdegest\u00fctzte Psychotherapie stellt die Beziehungsgestaltung und den Kontakt zum Tier stets in das Zentrum.","breadcrumb":{"@id":"https:\/\/psychotherapie-oberland.ch\/?page_id=485#breadcrumb"},"inLanguage":"de-CH","potentialAction":[{"@type":"ReadAction","target":["https:\/\/psychotherapie-oberland.ch\/?page_id=485"]}]},{"@type":"BreadcrumbList","@id":"https:\/\/psychotherapie-oberland.ch\/?page_id=485#breadcrumb","itemListElement":[{"@type":"ListItem","position":1,"name":"Startseite","item":"https:\/\/psychotherapie-oberland.ch\/?page_id=24"},{"@type":"ListItem","position":2,"name":"Pferdegest\u00fctzte Psychotherapie"}]},{"@type":"WebSite","@id":"https:\/\/psychotherapie-oberland.ch\/#website","url":"https:\/\/psychotherapie-oberland.ch\/","name":"Psychotherapie Oberland","description":"Psychtherapie f\u00fcr Jugendliche und Erwachsene sowie pferdegest\u00fctzte Psychtherapie","potentialAction":[{"@type":"SearchAction","target":{"@type":"EntryPoint","urlTemplate":"https:\/\/psychotherapie-oberland.ch\/?s={search_term_string}"},"query-input":{"@type":"PropertyValueSpecification","valueRequired":true,"valueName":"search_term_string"}}],"inLanguage":"de-CH"}]}},"_links":{"self":[{"href":"https:\/\/psychotherapie-oberland.ch\/index.php?rest_route=\/wp\/v2\/pages\/485","targetHints":{"allow":["GET"]}}],"collection":[{"href":"https:\/\/psychotherapie-oberland.ch\/index.php?rest_route=\/wp\/v2\/pages"}],"about":[{"href":"https:\/\/psychotherapie-oberland.ch\/index.php?rest_route=\/wp\/v2\/types\/page"}],"author":[{"embeddable":true,"href":"https:\/\/psychotherapie-oberland.ch\/index.php?rest_route=\/wp\/v2\/users\/4"}],"replies":[{"embeddable":true,"href":"https:\/\/psychotherapie-oberland.ch\/index.php?rest_route=%2Fwp%2Fv2%2Fcomments&post=485"}],"version-history":[{"count":28,"href":"https:\/\/psychotherapie-oberland.ch\/index.php?rest_route=\/wp\/v2\/pages\/485\/revisions"}],"predecessor-version":[{"id":909,"href":"https:\/\/psychotherapie-oberland.ch\/index.php?rest_route=\/wp\/v2\/pages\/485\/revisions\/909"}],"wp:attachment":[{"href":"https:\/\/psychotherapie-oberland.ch\/index.php?rest_route=%2Fwp%2Fv2%2Fmedia&parent=485"}],"curies":[{"name":"wp","href":"https:\/\/api.w.org\/{rel}","templated":true}]}}